{"id":943,"date":"2020-09-06T20:10:29","date_gmt":"2020-09-06T20:10:29","guid":{"rendered":"http:\/\/www.tradballs.pt\/pt\/?page_id=943"},"modified":"2025-06-14T19:22:29","modified_gmt":"2025-06-14T18:22:29","slug":"xxxiii-fest-i-ball","status":"publish","type":"page","link":"https:\/\/www.tradballs.pt\/pt\/xxxiii-fest-i-ball\/","title":{"rendered":"Fest-i-Ball Marco 2024"},"content":{"rendered":"\n<div class=\"wp-block-cover alignfull\"><span aria-hidden=\"true\" class=\"wp-block-cover__background has-palette-1-background-color has-background-dim\"><\/span><img fetchpriority=\"high\" decoding=\"async\" width=\"1920\" height=\"1282\" class=\"wp-block-cover__image-background wp-image-1077\" alt=\"\" src=\"https:\/\/www.tradballs.pt\/wp-content\/uploads\/2024\/02\/314388922_2112387695613901_6916026155921617382_n.jpg\" data-object-fit=\"cover\" srcset=\"https:\/\/www.tradballs.pt\/wp-content\/uploads\/2024\/02\/314388922_2112387695613901_6916026155921617382_n.jpg 1920w, https:\/\/www.tradballs.pt\/wp-content\/uploads\/2024\/02\/314388922_2112387695613901_6916026155921617382_n-640x427.jpg 640w, https:\/\/www.tradballs.pt\/wp-content\/uploads\/2024\/02\/314388922_2112387695613901_6916026155921617382_n-1280x855.jpg 1280w, https:\/\/www.tradballs.pt\/wp-content\/uploads\/2024\/02\/314388922_2112387695613901_6916026155921617382_n-480x321.jpg 480w, https:\/\/www.tradballs.pt\/wp-content\/uploads\/2024\/02\/314388922_2112387695613901_6916026155921617382_n-768x513.jpg 768w, https:\/\/www.tradballs.pt\/wp-content\/uploads\/2024\/02\/314388922_2112387695613901_6916026155921617382_n-1536x1026.jpg 1536w\" sizes=\"(max-width: 1920px) 100vw, 1920px\" \/><div class=\"wp-block-cover__inner-container is-layout-flow wp-block-cover-is-layout-flow\">\n<figure class=\"wp-block-image size-large\"><img decoding=\"async\" width=\"1280\" height=\"720\" src=\"https:\/\/www.tradballs.pt\/wp-content\/uploads\/2024\/03\/Tradballs_XXXIII_FestiBall_Banner_2024_Primavera-1280x720.jpg\" alt=\"\" class=\"wp-image-1341\" srcset=\"https:\/\/www.tradballs.pt\/wp-content\/uploads\/2024\/03\/Tradballs_XXXIII_FestiBall_Banner_2024_Primavera-1280x720.jpg 1280w, https:\/\/www.tradballs.pt\/wp-content\/uploads\/2024\/03\/Tradballs_XXXIII_FestiBall_Banner_2024_Primavera-640x360.jpg 640w, https:\/\/www.tradballs.pt\/wp-content\/uploads\/2024\/03\/Tradballs_XXXIII_FestiBall_Banner_2024_Primavera-480x270.jpg 480w, https:\/\/www.tradballs.pt\/wp-content\/uploads\/2024\/03\/Tradballs_XXXIII_FestiBall_Banner_2024_Primavera-768x432.jpg 768w, https:\/\/www.tradballs.pt\/wp-content\/uploads\/2024\/03\/Tradballs_XXXIII_FestiBall_Banner_2024_Primavera.jpg 1366w\" sizes=\"(max-width: 1280px) 100vw, 1280px\" \/><\/figure>\n<\/div><\/div>\n\n\n<div class=\"alignwide-wrap\" data-block=\"group\">\n<div class=\"wp-block-group alignwide\"><div class=\"wp-block-group__inner-container is-layout-constrained wp-block-group-is-layout-constrained\"><div class=\"alignwide-wrap\" data-block=\"heading\">\n<h1 class=\"wp-block-heading alignwide has-text-align-center has-huge-font-size\"><strong>XXXIII FEST-i-BALL<\/strong><\/h1>\n<\/div>\n\n\n<div style=\"height:16px\" aria-hidden=\"true\" class=\"wp-block-spacer\"><\/div>\n\n\n\n<h2 class=\"wp-block-heading has-text-align-center\"><a href=\"https:\/\/www.facebook.com\/events\/191023600263218\/?__cft__[0]=AZUuOLmiSwFTKCProZjWZjGHMqG7VQbAfeWItL_6IfAa2aN7v9Le65_CHltGAkxjfTIto1_NT7APYJDVOKFZdk0xMb8_sMsH-m5mE7qG4I0yNocoDwwHj_zmoPQRYw7TX9chTH4_3LkRr1AN_tmZ5cILiMwzz8whYabjx8g-FDHxCoBTmrkOUZhYCoImps2VAvE&amp;__tn__=-UK-R\" target=\"_blank\" rel=\"noreferrer noopener\">teatro da luz  |  Lisboa<\/a><\/h2>\n\n\n\n<div style=\"height:4px\" aria-hidden=\"true\" class=\"wp-block-spacer\"><\/div>\n\n\n\n<h3 class=\"wp-block-heading has-text-align-center\">&#8220;onde h\u00e1 festa, h\u00e1 baile!&#8221;<\/h3>\n\n\n\n<div style=\"height:16px\" aria-hidden=\"true\" class=\"wp-block-spacer\"><\/div>\n\n\n\n<p class=\"has-text-align-left\">E j\u00e1 com o cheiro a Primavera no no ar, o<strong> FEST-i-BALL <\/strong>prepara-se para lhe dar as boas-vindas com momentos recheados de m\u00fasica e dan\u00e7a j\u00e1 nos pr\u00f3ximos <strong>dias 22, 23 e 24 Mar\u00e7o, no Teatro da Luz, em Lisboa.<br><\/strong><\/p>\n\n\n\n<div style=\"height:16px\" aria-hidden=\"true\" class=\"wp-block-spacer\"><\/div>\n\n\n\n<h4 class=\"wp-block-heading has-text-align-center\">Bilheteira<\/h4>\n\n\n\n<div class=\"wp-block-columns\">\n<div class=\"wp-block-column\">\n<p class=\"has-text-align-left\"><strong>Bilhete Geral:<\/strong> 67 balls<br><strong>Bilhete Geral Alunos Tradballs:<\/strong> 57 balls<\/p>\n\n\n\n<p class=\"has-text-align-left\">Sexta, bailes: 18 balls<\/p>\n\n\n\n<p class=\"has-text-align-left\">S\u00e1bado, workshops: 18 balls<br>S\u00e1bado, baile tarde: 10 balls<br>S\u00e1bado, bailes noite: 18 balls<br>S\u00e1bado, workshops + bailes (tarde+noite): 35 balls<\/p>\n\n\n\n<p class=\"has-text-align-left\">Domingo, workshops: 10 balls<br>Domingo, bailes tarde: 18 balls<br>Domingo, workshops + bailes: 24 balls<\/p>\n<\/div>\n\n\n\n<div class=\"wp-block-column\">\n<p class=\"has-text-align-left\"><strong>Pre\u00e7o Promocional do Bilhete Geral <\/strong><br><strong>at\u00e9 17 Mar\u00e7o:<\/strong><br>&nbsp;P\u00fablico Geral: 60 balls<br>&nbsp;Alunos Tradballs: 55 balls<br><br><strong>Venda Antecipada de Bilhetes <\/strong><br><strong>DI\u00c1RIOS e GERAIS com Valor Promocional, <\/strong><br><strong>at\u00e9 \u00e0s 24h00 de Domingo, 17 Mar\u00e7o, <br>aqui:<\/strong> &nbsp;<a href=\"https:\/\/forms.gle\/RJHbFVbqRdCCKh4D9?fbclid=IwAR237qcMDip4b2cUkkD1GBltr8lkMCx-XdUxHyvxgmG6iDb-Mm6QdxEaED4\" target=\"_blank\" rel=\"noreferrer noopener\">https:\/\/forms.gle\/RJHbFVbqRdCCKh4D9<\/a><\/p>\n<\/div>\n<\/div>\n\n\n\n<p class=\"has-text-align-center\">Entrada gratuita para crian\u00e7as at\u00e9 aos 12 anos (inclusive)<\/p>\n<\/div>\n<\/div><\/div>\n\n\n<div style=\"height:50px\" aria-hidden=\"true\" class=\"wp-block-spacer\"><\/div>\n\n\n\n<h2 class=\"wp-block-heading has-text-align-center\"><strong>PROGRAMA<\/strong><\/h2>\n\n\n\n<div style=\"height:10px\" aria-hidden=\"true\" class=\"wp-block-spacer\"><\/div>\n\n\n\n<p class=\"has-text-align-center is-style-default\">[sujeito a altera\u00e7\u00f5es]<\/p>\n\n\n<div class=\"alignwide-wrap\" data-block=\"columns\">\n<div class=\"wp-block-columns alignwide\">\n<div class=\"wp-block-column\">\n<h2 class=\"wp-block-heading has-text-align-left\">Sexta, 22 Mar\u00e7o<\/h2>\n\n\n\n<p class=\"has-text-align-left\">BALL-Trad: bailes &amp; concertos<br><strong>22h00: <\/strong>SHILLELAGH (fr)<br><strong>24h00: <\/strong>DUO NIEPOLD-CUTTING (be\/uk)<\/p>\n<\/div>\n\n\n\n<div class=\"wp-block-column\">\n<h2 class=\"wp-block-heading has-text-align-left\">s\u00e1bado, 23 Mar\u00e7o<\/h2>\n\n\n\n<p>BALL-Dados: workshops de dan\u00e7a<br><strong>14h30: <\/strong>MAZURK&#8217;AR \u2022 Mati@s&nbsp;<br><strong>16h00: <\/strong>DAN\u00c7AS DA FLANDRES \u2022 Shillelagh (fr)<\/p>\n\n\n\n<p>BALL-Toques: workshops de m\u00fasica<br><strong>16h30: <\/strong>M\u00daSICA ENSEMBLE \u2022 La Sylva (fr)<\/p>\n\n\n\n<p>BALL-Trad: bailes &amp; concertos<br><strong>18h00: <\/strong>DUO NIEPOLD-CUTTING (be\/uk)<br><strong>22h00: <\/strong>LA SYLVA (fr)<br><strong>24h00: <\/strong>SHILLELAGH (fr)<\/p>\n<\/div>\n\n\n\n<div class=\"wp-block-column\">\n<h2 class=\"wp-block-heading has-text-align-left\">domingo, 24 Mar\u00e7o<\/h2>\n\n\n\n<p>BALL-Dados: workshops de dan\u00e7a<br><strong>14h30: <\/strong>VALSA A 5 TEMPOS \u2022 Fabien Bucher &amp; La Sylva (fr)<\/p>\n\n\n\n<p>BALL-Toques: workshops de m\u00fasica<br><strong>15h00<\/strong>: M\u00daSICA ENSEMBLE &nbsp; Denys Stetsenko<\/p>\n\n\n\n<p>BALL-Trad: bailes &amp; concertos<br><strong>17h00: <\/strong>LA SYLVA (fr)<br><strong>18h30:<\/strong> PARAPENTE700 (pt)<\/p>\n<\/div>\n<\/div>\n<\/div>\n\n\n<hr class=\"wp-block-separator has-alpha-channel-opacity\"\/>\n\n\n<div class=\"alignwide-wrap\" data-block=\"columns\">\n<div class=\"wp-block-columns alignwide are-vertically-aligned-top\">\n<div class=\"wp-block-column is-vertically-aligned-top\">\n<div class=\"wp-block-group wp-container-content-231d8afb is-vertical is-content-justification-left is-nowrap is-layout-flex wp-container-core-group-is-layout-d439c89b wp-block-group-is-layout-flex\" style=\"margin-top:0;margin-bottom:0\">\n<div class=\"wp-block-group\"><div class=\"wp-block-group__inner-container is-layout-constrained wp-block-group-is-layout-constrained\">\n<div class=\"wp-block-group\"><div class=\"wp-block-group__inner-container is-layout-constrained wp-block-group-is-layout-constrained\">\n<figure class=\"wp-block-image size-full\"><img decoding=\"async\" width=\"1080\" height=\"1080\" src=\"https:\/\/www.tradballs.pt\/wp-content\/uploads\/2024\/03\/MUSICA-ENSEMBLE_La-Sylva_XXXIII-FEST-i-BALL_Marco2024.jpg\" alt=\"\" class=\"wp-image-1396\" srcset=\"https:\/\/www.tradballs.pt\/wp-content\/uploads\/2024\/03\/MUSICA-ENSEMBLE_La-Sylva_XXXIII-FEST-i-BALL_Marco2024.jpg 1080w, https:\/\/www.tradballs.pt\/wp-content\/uploads\/2024\/03\/MUSICA-ENSEMBLE_La-Sylva_XXXIII-FEST-i-BALL_Marco2024-640x640.jpg 640w, https:\/\/www.tradballs.pt\/wp-content\/uploads\/2024\/03\/MUSICA-ENSEMBLE_La-Sylva_XXXIII-FEST-i-BALL_Marco2024-480x480.jpg 480w, https:\/\/www.tradballs.pt\/wp-content\/uploads\/2024\/03\/MUSICA-ENSEMBLE_La-Sylva_XXXIII-FEST-i-BALL_Marco2024-768x768.jpg 768w, https:\/\/www.tradballs.pt\/wp-content\/uploads\/2024\/03\/MUSICA-ENSEMBLE_La-Sylva_XXXIII-FEST-i-BALL_Marco2024-128x128.jpg 128w\" sizes=\"(max-width: 1080px) 100vw, 1080px\" \/><\/figure>\n\n\n\n<h2 class=\"wp-block-heading\"><strong>BALL-toque M\u00fasica ensemble <\/strong><br><strong>com&nbsp;<a href=\"https:\/\/www.facebook.com\/profile.php?id=100082787110871&amp;__cft__[0]=AZUKi4xrYXayhiLwy8KaZ6--TEOL_D_yM-bqfOQauyHDzYoabkrmvLN0EAkIs5U5PWRvnGBYxG_3nmtB3O8HAWpAhJ7V-Gfx5_zF6UOWesykXY3jHzw8m2PZe_IroF4ekuQx3bNEPubErATrPVL0O-lx6WfAxANL8ijH5rV6lxmydFKmVykKR0DxRu1urbX__tE&amp;__tn__=-]K-R\" target=\"_blank\" rel=\"noreferrer noopener\">La Sylva<\/a>&nbsp;(fr)<\/strong><br>S\u00e1bado, 16h30<\/h2>\n\n\n\n<p>MUSIQUE D&#8217;ENSEMBLE \u00ab TRAD ET CREATIVITE \u00bb<\/p>\n\n\n\n<p>\u00c0 partir d&#8217;une m\u00e9lodie simple, nous explorerons ensemble quelques unes des possibilit\u00e9s qui s&#8217;offrent \u00e0 nous pour sculpter un morceau, lui donner vie et saveur, ainsi que des pistes d&#8217;expression individuelles et collectives, sans perdre le lien \u00e0 la danse!<\/p>\n\n\n\n<p>Tous instruments bienvenus, seul pr\u00e9requis, \u00eatre capable d&#8217;apprendre une m\u00e9lodie simple \u00e0 l&#8217;oreille. Pas de partitions, apprentissage \u00e0 l&#8217;oreille! Prenez de quoi enregistrer \ud83d\ude42<\/p>\n<\/div><\/div>\n\n\n\n<div class=\"wp-block-group\"><div class=\"wp-block-group__inner-container is-layout-constrained wp-block-group-is-layout-constrained\">\n<div style=\"height:11px\" aria-hidden=\"true\" class=\"wp-block-spacer\"><\/div>\n\n\n\n<p class=\"has-small-font-size\"><img loading=\"lazy\" decoding=\"async\" height=\"16\" width=\"16\" src=\"https:\/\/z-m-static.xx.fbcdn.net\/images\/emoji.php\/v9\/tde\/1\/16\/1f4f8.png\" alt=\"\ud83d\udcf8\"> &nbsp; La Sylva<\/p>\n\n\n\n<div style=\"height:100px\" aria-hidden=\"true\" class=\"wp-block-spacer\"><\/div>\n<\/div><\/div>\n<\/div><\/div>\n<\/div>\n<\/div>\n\n\n\n<div class=\"wp-block-column\">\n<div class=\"wp-block-group\"><div class=\"wp-block-group__inner-container is-layout-constrained wp-block-group-is-layout-constrained\">\n<figure class=\"wp-block-image size-full\"><img loading=\"lazy\" decoding=\"async\" width=\"1080\" height=\"1080\" src=\"https:\/\/www.tradballs.pt\/wp-content\/uploads\/2024\/03\/VALSAS-A-5T-VARIACOES_La-Sylva_XXXIII-FEST-i-BALL_Marco2024.jpg\" alt=\"\" class=\"wp-image-1397\" srcset=\"https:\/\/www.tradballs.pt\/wp-content\/uploads\/2024\/03\/VALSAS-A-5T-VARIACOES_La-Sylva_XXXIII-FEST-i-BALL_Marco2024.jpg 1080w, https:\/\/www.tradballs.pt\/wp-content\/uploads\/2024\/03\/VALSAS-A-5T-VARIACOES_La-Sylva_XXXIII-FEST-i-BALL_Marco2024-640x640.jpg 640w, https:\/\/www.tradballs.pt\/wp-content\/uploads\/2024\/03\/VALSAS-A-5T-VARIACOES_La-Sylva_XXXIII-FEST-i-BALL_Marco2024-480x480.jpg 480w, https:\/\/www.tradballs.pt\/wp-content\/uploads\/2024\/03\/VALSAS-A-5T-VARIACOES_La-Sylva_XXXIII-FEST-i-BALL_Marco2024-768x768.jpg 768w, https:\/\/www.tradballs.pt\/wp-content\/uploads\/2024\/03\/VALSAS-A-5T-VARIACOES_La-Sylva_XXXIII-FEST-i-BALL_Marco2024-128x128.jpg 128w\" sizes=\"(max-width: 1080px) 100vw, 1080px\" \/><\/figure>\n\n\n\n<h2 class=\"wp-block-heading\"><strong>BALL-dado VALSA A 5 TEMPOS <\/strong><br><strong>com&nbsp;Fabien Bucher &amp; La SYLVA (FR)<\/strong><br>Domingo, 14h30<\/h2>\n\n\n\n<p>J&#8217;ai commenc\u00e9 la musique t\u00f4t, avec le violon classique puis la guitare. Mais c&#8217;est seulement \u00e0 la fin de mes \u00e9tudes que j&#8217;ai d\u00e9couvert la richesse et la diversit\u00e9 des musiques \u00e0 danser dans les bals folks. La rencontre avec la danse aura \u00e9t\u00e9 une grande source de joie, de changements profonds et d&#8217;inspiration pour moi en tant qu&#8217;humain et musicien!<\/p>\n\n\n\n<p>C&#8217;est pourquoi apr\u00e8s maintenant une dizaine d&#8217;ann\u00e9es \u00e0 arpenter les bals, festivals et multiples stages en tant que musicien et danseur, j&#8217;ai plaisir \u00e0 transmettre \u00e0 mon tour \u00e0 certaines occasions, souvent sous forme d&#8217;initiations ou sur des th\u00e8mes plus sp\u00e9cifiques comme le stage de valse \u00e0 5 temps qui s&#8217;est affin\u00e9 au fil des festivals!<\/p>\n\n\n\n<p>Nous aborderons la valse \u00e0 5 temps \u00e0 travers l&#8217;\u00e9coute de la musique, des jeux rythmiques, ainsi que des exercices en groupe, seul et \u00e0 deux, pour une compr\u00e9hension en profondeur de cette danse. Le but: se d\u00e9tacher du mental, se sentir plus libre et exprimer sa cr\u00e9ativit\u00e9 en lien avec la musique!<\/p>\n\n\n\n<div class=\"wp-block-group\"><div class=\"wp-block-group__inner-container is-layout-constrained wp-block-group-is-layout-constrained\">\n<div style=\"height:11px\" aria-hidden=\"true\" class=\"wp-block-spacer\"><\/div>\n\n\n\n<p class=\"has-small-font-size\"><img loading=\"lazy\" decoding=\"async\" height=\"16\" width=\"16\" src=\"https:\/\/z-m-static.xx.fbcdn.net\/images\/emoji.php\/v9\/tde\/1\/16\/1f4f8.png\" alt=\"\ud83d\udcf8\"> &nbsp;V\u00e9ronique Chochon photographies<\/p>\n\n\n\n<div style=\"height:100px\" aria-hidden=\"true\" class=\"wp-block-spacer\"><\/div>\n<\/div><\/div>\n<\/div><\/div>\n<\/div>\n\n\n\n<div class=\"wp-block-column is-vertically-aligned-top\">\n<div class=\"wp-block-group wp-container-content-231d8afb\" style=\"margin-top:0;margin-bottom:0\"><div class=\"wp-block-group__inner-container is-layout-constrained wp-block-group-is-layout-constrained\">\n<div class=\"wp-block-group\"><div class=\"wp-block-group__inner-container is-layout-constrained wp-block-group-is-layout-constrained\">\n<div class=\"wp-block-group\"><div class=\"wp-block-group__inner-container is-layout-constrained wp-block-group-is-layout-constrained\">\n<figure class=\"wp-block-image size-full\"><img loading=\"lazy\" decoding=\"async\" width=\"1080\" height=\"1080\" src=\"https:\/\/www.tradballs.pt\/wp-content\/uploads\/2024\/03\/DANCAS-DA-FLANDRES_Shillelagh_XXXIII-FEST-i-BALL_Marco202.jpg\" alt=\"\" class=\"wp-image-1398\" srcset=\"https:\/\/www.tradballs.pt\/wp-content\/uploads\/2024\/03\/DANCAS-DA-FLANDRES_Shillelagh_XXXIII-FEST-i-BALL_Marco202.jpg 1080w, https:\/\/www.tradballs.pt\/wp-content\/uploads\/2024\/03\/DANCAS-DA-FLANDRES_Shillelagh_XXXIII-FEST-i-BALL_Marco202-640x640.jpg 640w, https:\/\/www.tradballs.pt\/wp-content\/uploads\/2024\/03\/DANCAS-DA-FLANDRES_Shillelagh_XXXIII-FEST-i-BALL_Marco202-480x480.jpg 480w, https:\/\/www.tradballs.pt\/wp-content\/uploads\/2024\/03\/DANCAS-DA-FLANDRES_Shillelagh_XXXIII-FEST-i-BALL_Marco202-768x768.jpg 768w, https:\/\/www.tradballs.pt\/wp-content\/uploads\/2024\/03\/DANCAS-DA-FLANDRES_Shillelagh_XXXIII-FEST-i-BALL_Marco202-128x128.jpg 128w\" sizes=\"(max-width: 1080px) 100vw, 1080px\" \/><\/figure>\n\n\n\n<h2 class=\"wp-block-heading\"><strong>BALL-DADO DAN\u00c7AS DA FLANDRES<br>COM Shillelagh<\/strong><br>S\u00e1bado, 16h00<\/h2>\n\n\n\n<p>Les&nbsp;<a><\/a>musiciens de Shillelagh travaillent depuis des ann\u00e9es sur le r\u00e9pertoire de danses de leur r\u00e9gion d&#8217;origine : la Flandre. Gabriel Lenoir, tr\u00e8s fin danseur, est \u00e0 l&#8217;animation, accompagn\u00e9 par Aur\u00e9lien Tanghe et\/ou Benjamin Macke. Dans ces ateliers on y apprend des danses collectives et danses de couple aux noms exotiques telles que la Polka Surplas, le Flikker, la Valse Adieu ou encore la Zomermorgen. Autant d&#8217;occasion de s&#8217;immerger dans un r\u00e9pertoire qui a du caract\u00e8re tout en travaillant une technique de danse r\u00e9utilisable dans toutes les danses de bal.<\/p>\n\n\n\n<div class=\"wp-block-group\"><div class=\"wp-block-group__inner-container is-layout-constrained wp-block-group-is-layout-constrained\">\n<div style=\"height:11px\" aria-hidden=\"true\" class=\"wp-block-spacer\"><\/div>\n\n\n\n<p class=\"has-small-font-size\"><img loading=\"lazy\" decoding=\"async\" height=\"16\" width=\"16\" src=\"https:\/\/z-m-static.xx.fbcdn.net\/images\/emoji.php\/v9\/tde\/1\/16\/1f4f8.png\" alt=\"\ud83d\udcf8\"> &nbsp;V\u00e9ronique Chochon photographies<\/p>\n\n\n\n<div style=\"height:100px\" aria-hidden=\"true\" class=\"wp-block-spacer\"><\/div>\n<\/div><\/div>\n<\/div><\/div>\n<\/div><\/div>\n<\/div><\/div>\n<\/div>\n<\/div>\n<\/div>\n\n<div class=\"alignwide-wrap\" data-block=\"columns\">\n<div class=\"wp-block-columns alignwide are-vertically-aligned-top\">\n<div class=\"wp-block-column is-vertically-aligned-top\">\n<div class=\"wp-block-group wp-container-content-231d8afb is-vertical is-content-justification-left is-nowrap is-layout-flex wp-container-core-group-is-layout-d439c89b wp-block-group-is-layout-flex\" style=\"margin-top:0;margin-bottom:0\">\n<div class=\"wp-block-group\"><div class=\"wp-block-group__inner-container is-layout-constrained wp-block-group-is-layout-constrained\">\n<div class=\"wp-block-group\"><div class=\"wp-block-group__inner-container is-layout-constrained wp-block-group-is-layout-constrained\">\n<figure class=\"wp-block-image size-full\"><img loading=\"lazy\" decoding=\"async\" width=\"1080\" height=\"1080\" src=\"https:\/\/www.tradballs.pt\/wp-content\/uploads\/2024\/03\/MUSICA-ENSEMBLE_Denys_XXXIII-FEST-i-BALL_Marco202.jpg\" alt=\"\" class=\"wp-image-1399\" srcset=\"https:\/\/www.tradballs.pt\/wp-content\/uploads\/2024\/03\/MUSICA-ENSEMBLE_Denys_XXXIII-FEST-i-BALL_Marco202.jpg 1080w, https:\/\/www.tradballs.pt\/wp-content\/uploads\/2024\/03\/MUSICA-ENSEMBLE_Denys_XXXIII-FEST-i-BALL_Marco202-640x640.jpg 640w, https:\/\/www.tradballs.pt\/wp-content\/uploads\/2024\/03\/MUSICA-ENSEMBLE_Denys_XXXIII-FEST-i-BALL_Marco202-480x480.jpg 480w, https:\/\/www.tradballs.pt\/wp-content\/uploads\/2024\/03\/MUSICA-ENSEMBLE_Denys_XXXIII-FEST-i-BALL_Marco202-768x768.jpg 768w, https:\/\/www.tradballs.pt\/wp-content\/uploads\/2024\/03\/MUSICA-ENSEMBLE_Denys_XXXIII-FEST-i-BALL_Marco202-128x128.jpg 128w\" sizes=\"(max-width: 1080px) 100vw, 1080px\" \/><\/figure>\n\n\n\n<h2 class=\"wp-block-heading\"><strong>BALL-Toque M\u00fasica Ensemble<\/strong><br><strong>com Denys Stetsenko<\/strong><br>Domingo, 15h00<\/h2>\n\n\n\n<p>OFICINA DE ENSEMBLE FOLK&nbsp;<\/p>\n\n\n\n<p>para tocadores de instrumentos mel\u00f3dicos e harm\u00f3nicos<\/p>\n\n\n\n<p>Nesta oficina vamos fazer &#8220;crescer&#8221; o ouvido, &#8220;dan\u00e7ar&#8221; com os dedos nos nossos instrumentos e comunicar atrav\u00e9s da linguagem universal, explorando o repert\u00f3rio folk das dan\u00e7as tradicionais europeias.<\/p>\n\n\n\n<p>Denys Stetsenko, natural da Ucr\u00e2nia, segue a aprendizagem de m\u00fasica cl\u00e1ssica desde pequeno e a partir do ano 2003 inicia-se na m\u00fasica tradicional e improvisada entrando no grupo Monte Lunai e Dancing Strings e participando em diversos festivais europeus de m\u00fasica e dan\u00e7a do mundo.<\/p>\n\n\n\n<p>Licenciado em Violino pela Escola Superior de M\u00fasica de Lisboa. Frequentou o Curso de Mestrado em M\u00fasica Antiga \u2013 Violino Barroco na Escola Superior de M\u00fasica e Artes do Espect\u00e1culo (ESMAE) do Porto.&nbsp;<\/p>\n\n\n\n<p>\u00c9 membro fundador do Quarteto Arabesco, Duo Stetsenko, Dancing Strings e Parapente700. (&#8230;)<\/p>\n<\/div><\/div>\n\n\n\n<div class=\"wp-block-group\"><div class=\"wp-block-group__inner-container is-layout-constrained wp-block-group-is-layout-constrained\">\n<div style=\"height:11px\" aria-hidden=\"true\" class=\"wp-block-spacer\"><\/div>\n\n\n\n<p class=\"has-small-font-size\"><img loading=\"lazy\" decoding=\"async\" height=\"16\" width=\"16\" src=\"https:\/\/z-m-static.xx.fbcdn.net\/images\/emoji.php\/v9\/tde\/1\/16\/1f4f8.png\" alt=\"\ud83d\udcf8\"> &nbsp; Paula Costa<\/p>\n\n\n\n<div style=\"height:100px\" aria-hidden=\"true\" class=\"wp-block-spacer\"><\/div>\n<\/div><\/div>\n<\/div><\/div>\n<\/div>\n<\/div>\n\n\n\n<div class=\"wp-block-column\">\n<div class=\"wp-block-group\"><div class=\"wp-block-group__inner-container is-layout-constrained wp-block-group-is-layout-constrained\">\n<figure class=\"wp-block-image size-full\"><img loading=\"lazy\" decoding=\"async\" width=\"1080\" height=\"1080\" src=\"https:\/\/www.tradballs.pt\/wp-content\/uploads\/2024\/03\/BALL-DADO-MAZURKAR_Matias_XXXIII-FEST-i-BALL_Marco2024.jpg\" alt=\"\" class=\"wp-image-1400\" srcset=\"https:\/\/www.tradballs.pt\/wp-content\/uploads\/2024\/03\/BALL-DADO-MAZURKAR_Matias_XXXIII-FEST-i-BALL_Marco2024.jpg 1080w, https:\/\/www.tradballs.pt\/wp-content\/uploads\/2024\/03\/BALL-DADO-MAZURKAR_Matias_XXXIII-FEST-i-BALL_Marco2024-640x640.jpg 640w, https:\/\/www.tradballs.pt\/wp-content\/uploads\/2024\/03\/BALL-DADO-MAZURKAR_Matias_XXXIII-FEST-i-BALL_Marco2024-480x480.jpg 480w, https:\/\/www.tradballs.pt\/wp-content\/uploads\/2024\/03\/BALL-DADO-MAZURKAR_Matias_XXXIII-FEST-i-BALL_Marco2024-768x768.jpg 768w, https:\/\/www.tradballs.pt\/wp-content\/uploads\/2024\/03\/BALL-DADO-MAZURKAR_Matias_XXXIII-FEST-i-BALL_Marco2024-128x128.jpg 128w\" sizes=\"(max-width: 1080px) 100vw, 1080px\" \/><\/figure>\n\n\n\n<h2 class=\"wp-block-heading\"><strong>BALL-DADO <\/strong>MAzurc&#8217;ar com<strong>&nbsp;<a href=\"https:\/\/www.facebook.com\/matias.folkdance?__cft__[0]=AZWR09KBFcokr13GACF6ph37_Q1aJd4uMBOOsqMr69M9K_Rw1SZWW3cvOWAntn0JKsdggyzqInDrgvtDzCIAbLbCWx6lbdST4LrugrysSO23aynj5Kbxaf1By-C4Md_58ftl86Cy6nkmnewvrZ-OUy3TS7uDbQVRjdb330uG2Ar4UJ51ZmG0ibCmpauDDSsXe1E&amp;__tn__=-]K-R\" target=\"_blank\" rel=\"noreferrer noopener\">MATiAS<\/a><\/strong><br>S\u00e1bado, 14h30<\/h2>\n\n\n\n<p>Mazurk&#8217;Ar \u00e9 a arte de dan\u00e7ar a mazurka. A mazurka \u00e9 a dan\u00e7a a pares mais ic\u00f3nica e rom\u00e2ntica dos bailes tradicionais. Ora sensual e \u00edntima, ora alegre e r\u00edtmica. A mazurka permite alguma rota\u00e7\u00e3o, desloca\u00e7\u00e3o e improvisa\u00e7\u00e3o criando uma dan\u00e7a mais fluida e din\u00e2mica.<\/p>\n\n\n\n<p>Eu mazurko, tu mazurkas. E n\u00f3s? Mazurkamos??<\/p>\n\n\n\n<div class=\"wp-block-group\"><div class=\"wp-block-group__inner-container is-layout-constrained wp-block-group-is-layout-constrained\">\n<div style=\"height:100px\" aria-hidden=\"true\" class=\"wp-block-spacer\"><\/div>\n<\/div><\/div>\n<\/div><\/div>\n<\/div>\n\n\n\n<div class=\"wp-block-column is-vertically-aligned-top\">\n<div class=\"wp-block-group wp-container-content-231d8afb\" style=\"margin-top:0;margin-bottom:0\"><div class=\"wp-block-group__inner-container is-layout-constrained wp-block-group-is-layout-constrained\">\n<div class=\"wp-block-group\"><div class=\"wp-block-group__inner-container is-layout-constrained wp-block-group-is-layout-constrained\"><\/div><\/div>\n<\/div><\/div>\n<\/div>\n<\/div>\n<\/div>\n\n\n<hr class=\"wp-block-separator has-alpha-channel-opacity\"\/>\n\n\n<div class=\"alignwide-wrap\" data-block=\"columns\">\n<div class=\"wp-block-columns alignwide are-vertically-aligned-top\">\n<div class=\"wp-block-column is-vertically-aligned-top\">\n<div class=\"wp-block-group wp-container-content-231d8afb is-vertical is-content-justification-left is-nowrap is-layout-flex wp-container-core-group-is-layout-d439c89b wp-block-group-is-layout-flex\" style=\"margin-top:0;margin-bottom:0\">\n<div class=\"wp-block-group\"><div class=\"wp-block-group__inner-container is-layout-constrained wp-block-group-is-layout-constrained\">\n<div class=\"wp-block-group\"><div class=\"wp-block-group__inner-container is-layout-constrained wp-block-group-is-layout-constrained\">\n<figure class=\"wp-block-image size-full\"><img loading=\"lazy\" decoding=\"async\" width=\"1080\" height=\"1080\" src=\"https:\/\/www.tradballs.pt\/wp-content\/uploads\/2024\/03\/LA-SYLVA-_XXXIII-FEST-i-BAL_MAR2024.png\" alt=\"\" class=\"wp-image-1350\" srcset=\"https:\/\/www.tradballs.pt\/wp-content\/uploads\/2024\/03\/LA-SYLVA-_XXXIII-FEST-i-BAL_MAR2024.png 1080w, https:\/\/www.tradballs.pt\/wp-content\/uploads\/2024\/03\/LA-SYLVA-_XXXIII-FEST-i-BAL_MAR2024-640x640.png 640w, https:\/\/www.tradballs.pt\/wp-content\/uploads\/2024\/03\/LA-SYLVA-_XXXIII-FEST-i-BAL_MAR2024-480x480.png 480w, https:\/\/www.tradballs.pt\/wp-content\/uploads\/2024\/03\/LA-SYLVA-_XXXIII-FEST-i-BAL_MAR2024-768x768.png 768w, https:\/\/www.tradballs.pt\/wp-content\/uploads\/2024\/03\/LA-SYLVA-_XXXIII-FEST-i-BAL_MAR2024-128x128.png 128w\" sizes=\"(max-width: 1080px) 100vw, 1080px\" \/><\/figure>\n\n\n\n<h2 class=\"wp-block-heading\"><strong>BALL-Trad com&nbsp;<a href=\"https:\/\/www.facebook.com\/profile.php?id=100082787110871&amp;__cft__[0]=AZUKi4xrYXayhiLwy8KaZ6--TEOL_D_yM-bqfOQauyHDzYoabkrmvLN0EAkIs5U5PWRvnGBYxG_3nmtB3O8HAWpAhJ7V-Gfx5_zF6UOWesykXY3jHzw8m2PZe_IroF4ekuQx3bNEPubErATrPVL0O-lx6WfAxANL8ijH5rV6lxmydFKmVykKR0DxRu1urbX__tE&amp;__tn__=-]K-R\" target=\"_blank\" rel=\"noreferrer noopener\">La Sylva<\/a>&nbsp;(fr)<\/strong><br>S\u00e1bado, 22h00<br>Domingo, 17h00<\/h2>\n\n\n\n<p>\u00c9voquant tour \u00e0 tour une f\u00eate de village cr\u00e9toise ou un bal sous les \u00e9toiles en Ari\u00e8ge, les trois musicien.ne.s de La Sylva t&#8217;emm\u00e8nent dans une temp\u00eate de cordes! Entre collectages r\u00e9arrang\u00e9s avec soin et compositions \u00e0 trois voix, on passe des racines \u00e0 la canop\u00e9e, du Syrto \u00e0 la Mazurka, de la douce complicit\u00e9 \u00e0 la transe d\u00e9brid\u00e9e ! Un trio \u00e0 cordes sauvage, et joliment inventif !<\/p>\n\n\n\n<p>Le groupe allie virtuosit\u00e9 et arrangements soigneusement cisel\u00e9s avec une solide connaissance des codes du bal folk, pour un voyage onirique dans les Balkans!<\/p>\n\n\n\n<p>Ga\u00ebtan Coutable: violino e voz<br>Lina Bela\u00efd: violoncelo e voz<br>Fabien Bucher: guitarra, bandolin e voz<\/p>\n<\/div><\/div>\n\n\n\n<div class=\"wp-block-group\"><div class=\"wp-block-group__inner-container is-layout-constrained wp-block-group-is-layout-constrained\">\n<div style=\"height:11px\" aria-hidden=\"true\" class=\"wp-block-spacer\"><\/div>\n\n\n\n<p class=\"has-small-font-size\"><img loading=\"lazy\" decoding=\"async\" height=\"16\" width=\"16\" src=\"https:\/\/z-m-static.xx.fbcdn.net\/images\/emoji.php\/v9\/tde\/1\/16\/1f4f8.png\" alt=\"\ud83d\udcf8\"> &nbsp; La Sylva<\/p>\n\n\n\n<div style=\"height:100px\" aria-hidden=\"true\" class=\"wp-block-spacer\"><\/div>\n<\/div><\/div>\n<\/div><\/div>\n<\/div>\n<\/div>\n\n\n\n<div class=\"wp-block-column is-vertically-aligned-top\">\n<div class=\"wp-block-group wp-container-content-231d8afb\" style=\"margin-top:0;margin-bottom:0\"><div class=\"wp-block-group__inner-container is-layout-constrained wp-block-group-is-layout-constrained\">\n<div class=\"wp-block-group is-vertical is-nowrap is-layout-flex wp-container-core-group-is-layout-5280e479 wp-block-group-is-layout-flex\">\n<figure class=\"wp-block-image size-full\" style=\"font-size:14px\"><img loading=\"lazy\" decoding=\"async\" width=\"1080\" height=\"1080\" src=\"https:\/\/www.tradballs.pt\/wp-content\/uploads\/2024\/03\/SHILLELAGH_XXXIII-FEST-i-BALL_MAR2024.png\" alt=\"\" class=\"wp-image-1344\" srcset=\"https:\/\/www.tradballs.pt\/wp-content\/uploads\/2024\/03\/SHILLELAGH_XXXIII-FEST-i-BALL_MAR2024.png 1080w, https:\/\/www.tradballs.pt\/wp-content\/uploads\/2024\/03\/SHILLELAGH_XXXIII-FEST-i-BALL_MAR2024-640x640.png 640w, https:\/\/www.tradballs.pt\/wp-content\/uploads\/2024\/03\/SHILLELAGH_XXXIII-FEST-i-BALL_MAR2024-480x480.png 480w, https:\/\/www.tradballs.pt\/wp-content\/uploads\/2024\/03\/SHILLELAGH_XXXIII-FEST-i-BALL_MAR2024-768x768.png 768w, https:\/\/www.tradballs.pt\/wp-content\/uploads\/2024\/03\/SHILLELAGH_XXXIII-FEST-i-BALL_MAR2024-128x128.png 128w\" sizes=\"(max-width: 1080px) 100vw, 1080px\" \/><\/figure>\n\n\n\n<h2 class=\"wp-block-heading\"><br><strong>BALL-Trad com&nbsp;<a href=\"https:\/\/www.facebook.com\/shillelaghflandre?__cft__[0]=AZXuRwJTQxddDgCg8BrbHHk5GF146xtdl2de7gl_XCZauoUOVYHBJTIkZoeBrgBPRp0EO-4anir8B-YPX5gxUNsb3oJ8cTnKcDtsFxu9-aqjMIcsPYZbCQ3ryc6yHGI7xJCGrlzbwkSP_RiFTG4qTD0Imuqu_sh4qYJb1yd8iwzVYmyNryIFHFbb8ZdA8dDh1uA&amp;__tn__=-]K-R\" target=\"_blank\" rel=\"noreferrer noopener\">Shillelagh,<\/a>&nbsp;(fr)<\/strong><br>Sexta, 22h00<br>S\u00e1bado, 24h00<br><\/h2>\n\n\n\n<p>De la rencontre de trois musiciens lillois passionn\u00e9s par la danse et la musique traditionnelle est n\u00e9 Shillelagh. Gabriel Lenoir, Aur\u00e9lien Tanghe et Benjamin Macke, tous trois danseurs, mettent leur inventivit\u00e9 musicale et leur connaissance des traditions au service de la danse. Forts des diff\u00e9rentes pratiques acquises au fil de leurs bals, alliant savoir-faire et fac\u00e9tie, les trois compagnons vous emm\u00e8nent dans un univers musical qui leur est propre.<\/p>\n\n\n\n<p><br>Benjamin Macke: acorde\u00e3o diat\u00f3nico e voz<br>Gabriel Lenoir: violino e voz<br>Aur\u00e9lien Tanghe: guitarra e voz<\/p>\n<\/div>\n\n\n\n<div class=\"wp-block-group\"><div class=\"wp-block-group__inner-container is-layout-constrained wp-block-group-is-layout-constrained\">\n<div style=\"height:11px\" aria-hidden=\"true\" class=\"wp-block-spacer\"><\/div>\n\n\n\n<p class=\"has-small-font-size\"><img loading=\"lazy\" decoding=\"async\" height=\"16\" width=\"16\" src=\"https:\/\/z-m-static.xx.fbcdn.net\/images\/emoji.php\/v9\/tde\/1\/16\/1f4f8.png\" alt=\"\ud83d\udcf8\">&nbsp; V\u00e9ronique Chochon photographies<\/p>\n\n\n\n<div style=\"height:100px\" aria-hidden=\"true\" class=\"wp-block-spacer\"><\/div>\n<\/div><\/div>\n<\/div><\/div>\n<\/div>\n<\/div>\n<\/div>\n\n\n<div style=\"height:51px\" aria-hidden=\"true\" class=\"wp-block-spacer\"><\/div>\n\n\n<div class=\"alignwide-wrap\" data-block=\"columns\">\n<div class=\"wp-block-columns alignwide are-vertically-aligned-top\">\n<div class=\"wp-block-column is-vertically-aligned-top\">\n<div class=\"wp-block-group wp-container-content-231d8afb is-vertical is-content-justification-left is-nowrap is-layout-flex wp-container-core-group-is-layout-d439c89b wp-block-group-is-layout-flex\" style=\"margin-top:0;margin-bottom:0\">\n<figure class=\"wp-block-image size-full\"><img loading=\"lazy\" decoding=\"async\" width=\"1080\" height=\"1080\" src=\"https:\/\/www.tradballs.pt\/wp-content\/uploads\/2024\/03\/PARAPENTE700_XXXIII-FEST-i-BALL_MAR2024.png\" alt=\"\" class=\"wp-image-1347\" srcset=\"https:\/\/www.tradballs.pt\/wp-content\/uploads\/2024\/03\/PARAPENTE700_XXXIII-FEST-i-BALL_MAR2024.png 1080w, https:\/\/www.tradballs.pt\/wp-content\/uploads\/2024\/03\/PARAPENTE700_XXXIII-FEST-i-BALL_MAR2024-640x640.png 640w, https:\/\/www.tradballs.pt\/wp-content\/uploads\/2024\/03\/PARAPENTE700_XXXIII-FEST-i-BALL_MAR2024-480x480.png 480w, https:\/\/www.tradballs.pt\/wp-content\/uploads\/2024\/03\/PARAPENTE700_XXXIII-FEST-i-BALL_MAR2024-768x768.png 768w, https:\/\/www.tradballs.pt\/wp-content\/uploads\/2024\/03\/PARAPENTE700_XXXIII-FEST-i-BALL_MAR2024-128x128.png 128w\" sizes=\"(max-width: 1080px) 100vw, 1080px\" \/><\/figure>\n\n\n\n<h2 class=\"wp-block-heading\"><br><strong>BALL-Trad com&nbsp;<a href=\"https:\/\/www.facebook.com\/Parapente700?__cft__[0]=AZVLem7-3vGLNYAAdSmFaqefMh5aw47merQ3WgtIPdCrrQdTJcpv2udjkRx3OnkDy9QOTBfG01VpJ1L93zozhcCf-ZFsSLZxtqnk6UZGpVl6LglB22yH7h2px3UbzolKhEBty6K1tgxmZz7OySIfw20tiSBTCJ246FnFURUHytdjzsPdjHtwBvv0Iv8ipDbS3Go&amp;__tn__=-]K-R\" target=\"_blank\" rel=\"noreferrer noopener\">Parapente700<\/a>&nbsp;(pt)<\/strong><br>Domingo, 18h30<\/h2>\n\n\n\n<p><\/p>\n\n\n\n<p>Entre mazurkas de \u00e1gua, polskas de ar, c\u00edrculos de terra e scottishes de fogo renova-se, interpreta-se e cria-se. Entenda-se que aqui transformam-se m\u00fasicas tradicionais de outrora e comp\u00f5em-se outras, fundindo as inspira\u00e7\u00f5es actuais com os tra\u00e7os do passado. Viaja-se pela Europa fora, reunindo dan\u00e7as italianas, francesas, suecas, portuguesas e outras que tais. O grupo nasce do improviso musical, de encontros espont\u00e2neos num microclima de ch\u00e3o dan\u00e7ante.<\/p>\n\n\n\n<p>Denys Stetsenko: violino<br>Eva Parmenter: concertina e voz<\/p>\n\n\n\n<p><\/p>\n\n\n\n<div class=\"wp-block-group\"><div class=\"wp-block-group__inner-container is-layout-constrained wp-block-group-is-layout-constrained\">\n<div style=\"height:11px\" aria-hidden=\"true\" class=\"wp-block-spacer\"><\/div>\n\n\n\n<p class=\"has-small-font-size\"><img loading=\"lazy\" decoding=\"async\" height=\"16\" width=\"16\" src=\"https:\/\/z-m-static.xx.fbcdn.net\/images\/emoji.php\/v9\/tde\/1\/16\/1f4f8.png\" alt=\"\ud83d\udcf8\">&nbsp;Carolina Fraz\u00e3o<\/p>\n<\/div><\/div>\n\n\n\n<div style=\"height:0px\" aria-hidden=\"true\" class=\"wp-block-spacer wp-container-content-6388d5dc\"><\/div>\n<\/div>\n<\/div>\n\n\n\n<div class=\"wp-block-column is-vertically-aligned-top\">\n<div class=\"wp-block-group wp-container-content-231d8afb is-vertical is-layout-flex wp-container-core-group-is-layout-05b43539 wp-block-group-is-layout-flex\" style=\"margin-top:0;margin-bottom:0\">\n<div class=\"wp-block-group is-vertical is-nowrap is-layout-flex wp-container-core-group-is-layout-5280e479 wp-block-group-is-layout-flex\">\n<figure class=\"wp-block-image size-full\" style=\"font-size:14px\"><img loading=\"lazy\" decoding=\"async\" width=\"1080\" height=\"1080\" src=\"https:\/\/www.tradballs.pt\/wp-content\/uploads\/2024\/03\/DUO-NIEPOLD-CUTTING-be-uk_XXXIII-FEST-i-BALL_MAR2024.png\" alt=\"\" class=\"wp-image-1348\" srcset=\"https:\/\/www.tradballs.pt\/wp-content\/uploads\/2024\/03\/DUO-NIEPOLD-CUTTING-be-uk_XXXIII-FEST-i-BALL_MAR2024.png 1080w, https:\/\/www.tradballs.pt\/wp-content\/uploads\/2024\/03\/DUO-NIEPOLD-CUTTING-be-uk_XXXIII-FEST-i-BALL_MAR2024-640x640.png 640w, https:\/\/www.tradballs.pt\/wp-content\/uploads\/2024\/03\/DUO-NIEPOLD-CUTTING-be-uk_XXXIII-FEST-i-BALL_MAR2024-480x480.png 480w, https:\/\/www.tradballs.pt\/wp-content\/uploads\/2024\/03\/DUO-NIEPOLD-CUTTING-be-uk_XXXIII-FEST-i-BALL_MAR2024-768x768.png 768w, https:\/\/www.tradballs.pt\/wp-content\/uploads\/2024\/03\/DUO-NIEPOLD-CUTTING-be-uk_XXXIII-FEST-i-BALL_MAR2024-128x128.png 128w\" sizes=\"(max-width: 1080px) 100vw, 1080px\" \/><\/figure>\n\n\n\n<h2 class=\"wp-block-heading\"><br><strong>BALL-Trad com Duo <a href=\"https:\/\/www.facebook.com\/profile.php?id=100057062536326\" target=\"_blank\" rel=\"noreferrer noopener\">Niepold Cutting<\/a>&nbsp;(be\/uk) <\/strong><br>Sexta, 24h00<br>S\u00e1bado, 18h00<\/h2>\n<\/div>\n\n\n\n<p>The Niepold-Cutting Duo brings together two great musicians and friends.&nbsp; Two strong personalities in the small world of the diatonic accordion. A meeting to challenge, to be inspired. To bring together two very particular personal universes with intelligence and mischievousness.<br>Because the concert can be danced and the bal is listened to. Because the accordion is not cheesy. Because the world definitely needs mixtures. Because there are styles but especially music.<br><br>Anne Niepold: acorde\u00e3o diat\u00f3nico<br>Andy Cutting: acorde\u00e3o diat\u00f3nico<\/p>\n<\/div>\n\n\n\n<div class=\"wp-block-group\"><div class=\"wp-block-group__inner-container is-layout-constrained wp-block-group-is-layout-constrained\">\n<div style=\"height:11px\" aria-hidden=\"true\" class=\"wp-block-spacer\"><\/div>\n\n\n\n<p class=\"has-small-font-size\"><img loading=\"lazy\" decoding=\"async\" height=\"16\" width=\"16\" src=\"https:\/\/z-m-static.xx.fbcdn.net\/images\/emoji.php\/v9\/tde\/1\/16\/1f4f8.png\" alt=\"\ud83d\udcf8\">&nbsp; JPohl<\/p>\n\n\n\n<div style=\"height:100px\" aria-hidden=\"true\" class=\"wp-block-spacer\"><\/div>\n<\/div><\/div>\n<\/div>\n<\/div>\n<\/div>\n\n\n<div style=\"height:41px\" aria-hidden=\"true\" class=\"wp-block-spacer\"><\/div>\n\n\n<div class=\"alignwide-wrap\" data-block=\"columns\">\n<div class=\"wp-block-columns alignwide\">\n<div class=\"wp-block-column\">\n<figure data-wp-context=\"{&quot;imageId&quot;:&quot;69f477b710ec9&quot;}\" data-wp-interactive=\"core\/image\" data-wp-key=\"69f477b710ec9\" class=\"wp-block-image size-large has-lightbox wp-lightbox-container\"><img loading=\"lazy\" decoding=\"async\" width=\"1280\" height=\"1799\" data-wp-class--hide=\"state.isContentHidden\" data-wp-class--show=\"state.isContentVisible\" data-wp-init=\"callbacks.setButtonStyles\" data-wp-on--click=\"actions.showLightbox\" data-wp-on--load=\"callbacks.setButtonStyles\" data-wp-on-window--resize=\"callbacks.setButtonStyles\" src=\"https:\/\/www.tradballs.pt\/wp-content\/uploads\/2024\/03\/Tradballs_XXXIII_FEST-i-BALL_2024_Primaveracartaz_A4_WEB-1280x1799.jpg\" alt=\"\" class=\"wp-image-1353\" srcset=\"https:\/\/www.tradballs.pt\/wp-content\/uploads\/2024\/03\/Tradballs_XXXIII_FEST-i-BALL_2024_Primaveracartaz_A4_WEB-1280x1799.jpg 1280w, https:\/\/www.tradballs.pt\/wp-content\/uploads\/2024\/03\/Tradballs_XXXIII_FEST-i-BALL_2024_Primaveracartaz_A4_WEB-640x900.jpg 640w, https:\/\/www.tradballs.pt\/wp-content\/uploads\/2024\/03\/Tradballs_XXXIII_FEST-i-BALL_2024_Primaveracartaz_A4_WEB-480x675.jpg 480w, https:\/\/www.tradballs.pt\/wp-content\/uploads\/2024\/03\/Tradballs_XXXIII_FEST-i-BALL_2024_Primaveracartaz_A4_WEB-768x1079.jpg 768w, https:\/\/www.tradballs.pt\/wp-content\/uploads\/2024\/03\/Tradballs_XXXIII_FEST-i-BALL_2024_Primaveracartaz_A4_WEB-1093x1536.jpg 1093w, https:\/\/www.tradballs.pt\/wp-content\/uploads\/2024\/03\/Tradballs_XXXIII_FEST-i-BALL_2024_Primaveracartaz_A4_WEB.jpg 1366w\" sizes=\"(max-width: 1280px) 100vw, 1280px\" \/><button\n\t\t\tclass=\"lightbox-trigger\"\n\t\t\ttype=\"button\"\n\t\t\taria-haspopup=\"dialog\"\n\t\t\taria-label=\"Ampliar\"\n\t\t\tdata-wp-init=\"callbacks.initTriggerButton\"\n\t\t\tdata-wp-on--click=\"actions.showLightbox\"\n\t\t\tdata-wp-style--right=\"state.imageButtonRight\"\n\t\t\tdata-wp-style--top=\"state.imageButtonTop\"\n\t\t>\n\t\t\t<svg xmlns=\"http:\/\/www.w3.org\/2000\/svg\" width=\"12\" height=\"12\" fill=\"none\" viewBox=\"0 0 12 12\">\n\t\t\t\t<path fill=\"#fff\" d=\"M2 0a2 2 0 0 0-2 2v2h1.5V2a.5.5 0 0 1 .5-.5h2V0H2Zm2 10.5H2a.5.5 0 0 1-.5-.5V8H0v2a2 2 0 0 0 2 2h2v-1.5ZM8 12v-1.5h2a.5.5 0 0 0 .5-.5V8H12v2a2 2 0 0 1-2 2H8Zm2-12a2 2 0 0 1 2 2v2h-1.5V2a.5.5 0 0 0-.5-.5H8V0h2Z\" \/>\n\t\t\t<\/svg>\n\t\t<\/button><\/figure>\n<\/div>\n\n\n\n<div class=\"wp-block-column\">\n<figure class=\"wp-block-image size-full is-resized\"><img decoding=\"async\" src=\"https:\/\/www.tradballs.pt\/wp-content\/uploads\/2024\/03\/XXXIII_FEST-i-BALL_2024__PROGRAMA.jpg\" alt=\"\" class=\"wp-image-1393\" style=\"width:614px;height:auto\"\/><\/figure>\n<\/div>\n<\/div>\n<\/div>\n\n\n<div style=\"height:100px\" aria-hidden=\"true\" class=\"wp-block-spacer\"><\/div>\n\n\n\n<figure class=\"wp-block-gallery alignfull has-nested-images columns-4 is-cropped has-no-gaps wp-block-gallery-1 is-layout-flex wp-block-gallery-is-layout-flex\">\n<figure class=\"wp-block-image size-large\"><img loading=\"lazy\" decoding=\"async\" width=\"1280\" height=\"855\" data-id=\"1071\" src=\"https:\/\/www.tradballs.pt\/wp-content\/uploads\/2024\/02\/314410982_2112387158947288_5965539355259064543_n-1280x855.jpg\" alt=\"\" class=\"wp-image-1071\" srcset=\"https:\/\/www.tradballs.pt\/wp-content\/uploads\/2024\/02\/314410982_2112387158947288_5965539355259064543_n-1280x855.jpg 1280w, https:\/\/www.tradballs.pt\/wp-content\/uploads\/2024\/02\/314410982_2112387158947288_5965539355259064543_n-640x427.jpg 640w, https:\/\/www.tradballs.pt\/wp-content\/uploads\/2024\/02\/314410982_2112387158947288_5965539355259064543_n-480x321.jpg 480w, https:\/\/www.tradballs.pt\/wp-content\/uploads\/2024\/02\/314410982_2112387158947288_5965539355259064543_n-768x513.jpg 768w, https:\/\/www.tradballs.pt\/wp-content\/uploads\/2024\/02\/314410982_2112387158947288_5965539355259064543_n-1536x1026.jpg 1536w, https:\/\/www.tradballs.pt\/wp-content\/uploads\/2024\/02\/314410982_2112387158947288_5965539355259064543_n.jpg 1920w\" sizes=\"(max-width: 1280px) 100vw, 1280px\" \/><\/figure>\n\n\n\n<figure class=\"wp-block-image size-large\"><img loading=\"lazy\" decoding=\"async\" width=\"1280\" height=\"855\" data-id=\"1070\" src=\"https:\/\/www.tradballs.pt\/wp-content\/uploads\/2024\/02\/314412256_2112386995613971_5575436162722255312_n-1280x855.jpg\" alt=\"\" class=\"wp-image-1070\" srcset=\"https:\/\/www.tradballs.pt\/wp-content\/uploads\/2024\/02\/314412256_2112386995613971_5575436162722255312_n-1280x855.jpg 1280w, https:\/\/www.tradballs.pt\/wp-content\/uploads\/2024\/02\/314412256_2112386995613971_5575436162722255312_n-640x427.jpg 640w, https:\/\/www.tradballs.pt\/wp-content\/uploads\/2024\/02\/314412256_2112386995613971_5575436162722255312_n-480x321.jpg 480w, https:\/\/www.tradballs.pt\/wp-content\/uploads\/2024\/02\/314412256_2112386995613971_5575436162722255312_n-768x513.jpg 768w, https:\/\/www.tradballs.pt\/wp-content\/uploads\/2024\/02\/314412256_2112386995613971_5575436162722255312_n-1536x1026.jpg 1536w, https:\/\/www.tradballs.pt\/wp-content\/uploads\/2024\/02\/314412256_2112386995613971_5575436162722255312_n.jpg 1920w\" sizes=\"(max-width: 1280px) 100vw, 1280px\" \/><\/figure>\n\n\n\n<figure class=\"wp-block-image size-large\"><img loading=\"lazy\" decoding=\"async\" width=\"1280\" height=\"855\" data-id=\"1069\" src=\"https:\/\/www.tradballs.pt\/wp-content\/uploads\/2024\/02\/312565188_2112894665563204_7549621607156750181_n-1280x855.jpg\" alt=\"\" class=\"wp-image-1069\" srcset=\"https:\/\/www.tradballs.pt\/wp-content\/uploads\/2024\/02\/312565188_2112894665563204_7549621607156750181_n-1280x855.jpg 1280w, https:\/\/www.tradballs.pt\/wp-content\/uploads\/2024\/02\/312565188_2112894665563204_7549621607156750181_n-640x427.jpg 640w, https:\/\/www.tradballs.pt\/wp-content\/uploads\/2024\/02\/312565188_2112894665563204_7549621607156750181_n-480x321.jpg 480w, https:\/\/www.tradballs.pt\/wp-content\/uploads\/2024\/02\/312565188_2112894665563204_7549621607156750181_n-768x513.jpg 768w, https:\/\/www.tradballs.pt\/wp-content\/uploads\/2024\/02\/312565188_2112894665563204_7549621607156750181_n-1536x1026.jpg 1536w, https:\/\/www.tradballs.pt\/wp-content\/uploads\/2024\/02\/312565188_2112894665563204_7549621607156750181_n.jpg 1920w\" sizes=\"(max-width: 1280px) 100vw, 1280px\" \/><\/figure>\n<\/figure>\n","protected":false},"excerpt":{"rendered":"<div class=\"entry-summary\">\nXXXIII FEST-i-BALL teatro da luz | Lisboa &#8220;onde h\u00e1 festa, h\u00e1 baile!&#8221; E j\u00e1 com o cheiro a Primavera no no ar, o FEST-i-BALL prepara-se para lhe dar as boas-vindas com momentos recheados de m\u00fasica e dan\u00e7a j\u00e1 nos pr\u00f3ximos&hellip;\n<\/div>\n<div class=\"link-more-container\"><a href=\"https:\/\/www.tradballs.pt\/pt\/xxxiii-fest-i-ball\/\" class=\"link-more\" aria-label=\"Continue reading Fest-i-Ball Marco 2024\">Continue reading&hellip;<\/a><\/div>\n","protected":false},"author":1,"featured_media":0,"parent":0,"menu_order":0,"comment_status":"closed","ping_status":"closed","template":"templates\/no-intro.php","meta":{"_coblocks_attr":"","_coblocks_dimensions":"","_coblocks_responsive_height":"","_coblocks_accordion_ie_support":"","footnotes":""},"class_list":["post-943","page","type-page","status-publish","hentry","entry","entry-type-page"],"_links":{"self":[{"href":"https:\/\/www.tradballs.pt\/pt\/wp-json\/wp\/v2\/pages\/943","targetHints":{"allow":["GET"]}}],"collection":[{"href":"https:\/\/www.tradballs.pt\/pt\/wp-json\/wp\/v2\/pages"}],"about":[{"href":"https:\/\/www.tradballs.pt\/pt\/wp-json\/wp\/v2\/types\/page"}],"author":[{"embeddable":true,"href":"https:\/\/www.tradballs.pt\/pt\/wp-json\/wp\/v2\/users\/1"}],"replies":[{"embeddable":true,"href":"https:\/\/www.tradballs.pt\/pt\/wp-json\/wp\/v2\/comments?post=943"}],"version-history":[{"count":27,"href":"https:\/\/www.tradballs.pt\/pt\/wp-json\/wp\/v2\/pages\/943\/revisions"}],"predecessor-version":[{"id":2119,"href":"https:\/\/www.tradballs.pt\/pt\/wp-json\/wp\/v2\/pages\/943\/revisions\/2119"}],"wp:attachment":[{"href":"https:\/\/www.tradballs.pt\/pt\/wp-json\/wp\/v2\/media?parent=943"}],"curies":[{"name":"wp","href":"https:\/\/api.w.org\/{rel}","templated":true}]}}