{"id":1197,"date":"2024-04-30T15:45:53","date_gmt":"2024-04-30T15:45:53","guid":{"rendered":"https:\/\/www.tradballs.pt\/pt\/?page_id=1197"},"modified":"2026-04-24T17:33:03","modified_gmt":"2026-04-24T16:33:03","slug":"agenda","status":"publish","type":"page","link":"https:\/\/www.tradballs.pt\/pt\/agenda\/","title":{"rendered":"AGENDA TRADBALLS"},"content":{"rendered":"\n<div class=\"wp-block-a8c-event aligncenter\"><div class=\"event__details\"><div class=\"event__datebox\"><span>Abr<\/span><span>25<\/span><\/div><h3 class=\"event__title\">DAN\u00c7AS TRADICIONAIS: RECANTO + DJ CATADISCOS<\/h3><div class=\"event__time\"><span class=\"event__label\">When:<\/span><time class=\"event__date-select\" datetime=\"2026-04-25T18:00:00+01:00\">25 de Abr de 2026 18:00<\/time><\/div><div class=\"event__location\"><span class=\"event__label\">Where:<\/span>Feira do Fumeiro, Jardim da Luz, <br>Largo da Luz, Carnide, Lisboa<\/div><div class=\"event__description\">\n<p><a href=\"https:\/\/www.facebook.com\/events\/25769706482707880\">+ info<\/a><\/p>\n<\/div><\/div><div role=\"img\" aria-label=\"\" class=\"event__image event__image--save\" style=\"background-image:url(https:\/\/www.facebook.com\/events\/446457068498969);background-size:cover\"><\/div><\/div>\n\n\n\n<div class=\"wp-block-a8c-event aligncenter\"><div class=\"event__details\"><div class=\"event__datebox\"><span>Abr<\/span><span>29<\/span><\/div><h3 class=\"event__title\">TERT\u00daLIA TRAD: SWING N&#8217;TRAD &#8211; DIA DA DAN\u00c7A<\/h3><div class=\"event__time\"><span class=\"event__label\">When:<\/span><time class=\"event__date-select\" datetime=\"2026-04-29T21:00:00+01:00\">29 de Abr de 2026 21:00<\/time><\/div><div class=\"event__location\"><span class=\"event__label\">Where:<\/span>F\u00e1brica do Bra\u00e7o de Prata<br>Rua F\u00e1brica Material Guerra, Lisboa<\/div><div class=\"event__description\">\n<p><a href=\"https:\/\/web.facebook.com\/events\/792299513708604\/792299530375269\/\" data-type=\"link\" data-id=\"https:\/\/web.facebook.com\/events\/792299513708604\/792299530375269\/\" target=\"_blank\" rel=\"noreferrer noopener\">+ info<\/a><\/p>\n<\/div><\/div><div role=\"img\" aria-label=\"\" class=\"event__image event__image--save\" style=\"background-image:url(https:\/\/www.facebook.com\/events\/446457068498969);background-size:cover\"><\/div><\/div>\n\n\n\n<div class=\"wp-block-a8c-event aligncenter\"><div class=\"event__details\"><div class=\"event__datebox\"><span>Mai<\/span><span>9<\/span><\/div><h3 class=\"event__title\">BALL-TRAD: JAM.PT<\/h3><div class=\"event__time\"><span class=\"event__label\">When:<\/span><time class=\"event__date-select\" datetime=\"2026-05-09T21:00:00+01:00\">9 de Mai de 2026 21:00<\/time><\/div><div class=\"event__location\"><span class=\"event__label\">Where:<\/span>Teatro da Luz<br>Largo da Luz, Lisboa<\/div><div class=\"event__description\">\n<p><a href=\"https:\/\/fb.me\/e\/5faYM4Kfb\" data-type=\"link\" data-id=\"https:\/\/fb.me\/e\/5faYM4Kfb\">+ info<\/a><\/p>\n<\/div><\/div><div role=\"img\" aria-label=\"\" class=\"event__image event__image--save\" style=\"background-image:url(https:\/\/www.facebook.com\/events\/446457068498969);background-size:cover\"><\/div><\/div>\n\n\n\n<div class=\"wp-block-a8c-event aligncenter\"><div class=\"event__details\"><div class=\"event__datebox\"><span>Mai<\/span><span>12<\/span><\/div><h3 class=\"event__title\">TERT\u00daLIA TRAD<\/h3><div class=\"event__time\"><span class=\"event__label\">When:<\/span><time class=\"event__date-select\" datetime=\"2026-05-12T21:00:00+01:00\">12 de Mai de 2026 21:00<\/time><\/div><div class=\"event__location\"><span class=\"event__label\">Where:<\/span>F\u00e1brica do Bra\u00e7o de Prata<br>Rua F\u00e1brica Material Guerra, Lisboa<\/div><div class=\"event__description\">\n<p><a href=\"https:\/\/web.facebook.com\/events\/792299513708604\/792299530375269\/\" data-type=\"link\" data-id=\"https:\/\/web.facebook.com\/events\/792299513708604\/792299530375269\/\" target=\"_blank\" rel=\"noreferrer noopener\">+ info<\/a><\/p>\n<\/div><\/div><div role=\"img\" aria-label=\"\" class=\"event__image event__image--save\" style=\"background-image:url(https:\/\/www.facebook.com\/events\/446457068498969);background-size:cover\"><\/div><\/div>\n\n\n\n<div class=\"wp-block-a8c-event aligncenter\"><div class=\"event__details\"><div class=\"event__datebox\"><span>Mai<\/span><span>26<\/span><\/div><h3 class=\"event__title\">TERT\u00daLIA TRAD<\/h3><div class=\"event__time\"><span class=\"event__label\">When:<\/span><time class=\"event__date-select\" datetime=\"2026-05-26T21:00:00+01:00\">26 de Mai de 2026 21:00<\/time><\/div><div class=\"event__location\"><span class=\"event__label\">Where:<\/span>F\u00e1brica do Bra\u00e7o de Prata<br>Rua F\u00e1brica Material Guerra, Lisboa<\/div><div class=\"event__description\">\n<p><a href=\"https:\/\/web.facebook.com\/events\/792299513708604\/792299530375269\/\" data-type=\"link\" data-id=\"https:\/\/web.facebook.com\/events\/792299513708604\/792299530375269\/\" target=\"_blank\" rel=\"noreferrer noopener\">+ info<\/a><\/p>\n<\/div><\/div><div role=\"img\" aria-label=\"\" class=\"event__image event__image--save\" style=\"background-image:url(https:\/\/www.facebook.com\/events\/446457068498969);background-size:cover\"><\/div><\/div>\n\n\n\n<div class=\"wp-block-a8c-event aligncenter\"><div class=\"event__details\"><div class=\"event__datebox\"><span>Jun<\/span><span>3<\/span><\/div><h3 class=\"event__title\">TERT\u00daLIA TRAD<\/h3><div class=\"event__time\"><span class=\"event__label\">When:<\/span><time class=\"event__date-select\" datetime=\"2026-06-03T21:00:00+01:00\">3 de Jun de 2026 21:00<\/time><\/div><div class=\"event__location\"><span class=\"event__label\">Where:<\/span>F\u00e1brica do Bra\u00e7o de Prata<br>Rua F\u00e1brica Material Guerra, Lisboa<\/div><div class=\"event__description\">\n<p><a href=\"https:\/\/web.facebook.com\/events\/792299513708604\/792299530375269\/\" data-type=\"link\" data-id=\"https:\/\/web.facebook.com\/events\/792299513708604\/792299530375269\/\" target=\"_blank\" rel=\"noreferrer noopener\">+ info<\/a><\/p>\n<\/div><\/div><div role=\"img\" aria-label=\"\" class=\"event__image event__image--save\" style=\"background-image:url(https:\/\/www.facebook.com\/events\/446457068498969);background-size:cover\"><\/div><\/div>\n\n\n\n<div class=\"wp-block-a8c-event aligncenter\"><div class=\"event__details\"><div class=\"event__datebox\"><span>Jun<\/span><span>25<\/span><\/div><h3 class=\"event__title\">FESTIVAL RAIZ d&#8217;ALDEIA &#8211; 25 A 28 JUNHO<\/h3><div class=\"event__time\"><span class=\"event__label\">When:<\/span><time class=\"event__date-select\" datetime=\"2026-06-25T21:00:00+01:00\">25 de Jun de 2026 21:00<\/time><\/div><div class=\"event__location\"><span class=\"event__label\">Where:<\/span>Teatro da Luz<br>Largo da Luz, Lisboa<\/div><div class=\"event__description\">\n<p><a href=\"https:\/\/www.facebook.com\/fraizdaldeia\" target=\"_blank\" rel=\"noreferrer noopener\">+ info<\/a><\/p>\n<\/div><\/div><div role=\"img\" aria-label=\"\" class=\"event__image event__image--save\" style=\"background-image:url(https:\/\/www.facebook.com\/events\/446457068498969);background-size:cover\"><\/div><\/div>\n\n\n\n<div class=\"wp-block-a8c-event aligncenter\"><div class=\"event__details\"><div class=\"event__datebox\"><span>Set<\/span><span>3<\/span><\/div><h3 class=\"event__title\">FEIRA DA DIETA MEDITERR\u00c2NICA<\/h3><div class=\"event__time\"><span class=\"event__label\">When:<\/span><time class=\"event__date-select\" datetime=\"2026-09-03T20:00:00+01:00\">3 de Set de 2026 20:00<\/time><\/div><div class=\"event__location\"><span class=\"event__label\">Where:<\/span>Jardim do Coreto<br>Tavira<br><\/div><div class=\"event__description\">\n<p><a href=\"https:\/\/www.facebook.com\/events\/1171923714988196\" target=\"_blank\" rel=\"noreferrer noopener\">+ info<\/a><\/p>\n<\/div><\/div><div role=\"img\" aria-label=\"\" class=\"event__image event__image--save\" style=\"background-image:url(https:\/\/www.facebook.com\/events\/446457068498969);background-size:cover\"><\/div><\/div>\n\n\n\n<div class=\"wp-block-a8c-event aligncenter\"><div class=\"event__details\"><div class=\"event__datebox\"><span>Out<\/span><span>3<\/span><\/div><h3 class=\"event__title\">BALL-TRAD<\/h3><div class=\"event__time\"><span class=\"event__label\">When:<\/span><time class=\"event__date-select\" datetime=\"2026-10-03T20:00:00+01:00\">3 de Out de 2026 20:00<\/time><\/div><div class=\"event__location\"><span class=\"event__label\">Where:<\/span>Teatro da Luz<br>Largo da Luz, Lisboa<\/div><div class=\"event__description\">\n<p><a href=\"https:\/\/www.facebook.com\/events\/1171923714988196\" target=\"_blank\" rel=\"noreferrer noopener\">+ info<\/a><\/p>\n<\/div><\/div><div role=\"img\" aria-label=\"\" class=\"event__image event__image--save\" style=\"background-image:url(https:\/\/www.facebook.com\/events\/446457068498969);background-size:cover\"><\/div><\/div>\n\n\n\n<div class=\"wp-block-a8c-event aligncenter\"><div class=\"event__details\"><div class=\"event__datebox\"><span>Out<\/span><span>23<\/span><\/div><h3 class=\"event__title\">XXXVIII FEST-i-BALL &#8211; 23 a 25 OUT<\/h3><div class=\"event__time\"><span class=\"event__label\">When:<\/span><time class=\"event__date-select\" datetime=\"2026-10-23T21:00:00+01:00\">23 de Out de 2026 21:00<\/time><\/div><div class=\"event__location\"><span class=\"event__label\">Where:<\/span>Teatro da Luz<br>Largo da Luz, Lisboa<\/div><div class=\"event__description\">\n<p><a href=\"https:\/\/www.facebook.com\/festiball.tradballs\" target=\"_blank\" rel=\"noreferrer noopener\">+ info<\/a><\/p>\n<\/div><\/div><div role=\"img\" aria-label=\"\" class=\"event__image event__image--save\" style=\"background-image:url(https:\/\/www.facebook.com\/events\/446457068498969);background-size:cover\"><\/div><\/div>\n\n\n\n<div class=\"wp-block-a8c-event aligncenter\"><div class=\"event__details\"><div class=\"event__datebox\"><span>Out<\/span><span>31<\/span><\/div><h3 class=\"event__title\">BALL-o-WEEN<\/h3><div class=\"event__time\"><span class=\"event__label\">When:<\/span><time class=\"event__date-select\" datetime=\"2026-10-31T21:00:00+01:00\">31 de Out de 2026 21:00<\/time><\/div><div class=\"event__location\"><span class=\"event__label\">Where:<\/span>Teatro da Luz<br>Largo da Luz, Lisboa<\/div><div class=\"event__description\">\n<p><a href=\"https:\/\/www.facebook.com\/events\/1171923714988196\" target=\"_blank\" rel=\"noreferrer noopener\">+ info<\/a><\/p>\n<\/div><\/div><div role=\"img\" aria-label=\"\" class=\"event__image event__image--save\" style=\"background-image:url(https:\/\/www.facebook.com\/events\/446457068498969);background-size:cover\"><\/div><\/div>\n\n\n\n<div class=\"wp-block-a8c-event aligncenter\"><div class=\"event__details\"><div class=\"event__datebox\"><span>Nov<\/span><span>21<\/span><\/div><h3 class=\"event__title\">BALL-TRAD<\/h3><div class=\"event__time\"><span class=\"event__label\">When:<\/span><time class=\"event__date-select\" datetime=\"2026-11-21T21:00:00+01:00\">21 de Nov de 2026 21:00<\/time><\/div><div class=\"event__location\"><span class=\"event__label\">Where:<\/span>Teatro da Luz<br>Largo da Luz, Lisboa<\/div><div class=\"event__description\">\n<p><a href=\"https:\/\/www.facebook.com\/events\/1171923714988196\" target=\"_blank\" rel=\"noreferrer noopener\">+ info<\/a><\/p>\n<\/div><\/div><div role=\"img\" aria-label=\"\" class=\"event__image event__image--save\" style=\"background-image:url(https:\/\/www.facebook.com\/events\/446457068498969);background-size:cover\"><\/div><\/div>\n\n\n\n<div class=\"wp-block-a8c-event aligncenter\"><div class=\"event__details\"><div class=\"event__datebox\"><span>Dez<\/span><span>12<\/span><\/div><h3 class=\"event__title\">BALL-TRAD de NATAL<\/h3><div class=\"event__time\"><span class=\"event__label\">When:<\/span><time class=\"event__date-select\" datetime=\"2026-12-12T21:00:00+01:00\">12 de Dez de 2026 21:00<\/time><\/div><div class=\"event__location\"><span class=\"event__label\">Where:<\/span>Teatro da Luz<br>Largo da Luz, Lisboa<\/div><div class=\"event__description\">\n<p><a href=\"https:\/\/www.facebook.com\/events\/1171923714988196\" target=\"_blank\" rel=\"noreferrer noopener\">+ info<\/a><\/p>\n<\/div><\/div><div role=\"img\" aria-label=\"\" class=\"event__image event__image--save\" style=\"background-image:url(https:\/\/www.facebook.com\/events\/446457068498969);background-size:cover\"><\/div><\/div>\n\n\n\n<div class=\"wp-block-a8c-event aligncenter\"><div class=\"event__details\"><div class=\"event__datebox\"><span>Dez<\/span><span>31<\/span><\/div><h3 class=\"event__title\">FESTIVAL PASSAGEM d&#8217;ANO 2026\/2027 &#8211; 31 DEZ A 2 JAN<\/h3><div class=\"event__time\"><span class=\"event__label\">When:<\/span><time class=\"event__date-select\" datetime=\"2026-12-31T22:00:00+01:00\">31 de Dez de 2026 22:00<\/time><\/div><div class=\"event__location\"><span class=\"event__label\">Where:<\/span>Centro Norton de Matos<br>Bairro Norton de Matos, Coimbra<\/div><div class=\"event__description\">\n<p><\/p>\n<\/div><\/div><div role=\"img\" aria-label=\"\" class=\"event__image event__image--save\" style=\"background-image:url(https:\/\/www.facebook.com\/events\/446457068498969);background-size:cover\"><\/div><\/div>\n\n\n\n<h2 class=\"wp-block-heading\"><strong>DATAS PASSADAS<\/strong><\/h2>\n\n\n\n<div class=\"wp-block-a8c-event aligncenter\"><div class=\"event__details\"><div class=\"event__datebox\"><span>Abr<\/span><span>8<\/span><\/div><h3 class=\"event__title\">TERT\u00daLIA TRAD<\/h3><div class=\"event__time\"><span class=\"event__label\">When:<\/span><time class=\"event__date-select\" datetime=\"2026-04-08T21:00:00+01:00\">8 de Abr de 2026 21:00<\/time><\/div><div class=\"event__location\"><span class=\"event__label\">Where:<\/span>F\u00e1brica do Bra\u00e7o de Prata<br>Rua F\u00e1brica Material Guerra, Lisboa<\/div><div class=\"event__description\">\n<p><a href=\"https:\/\/web.facebook.com\/events\/792299513708604\/792299530375269\/\" data-type=\"link\" data-id=\"https:\/\/web.facebook.com\/events\/792299513708604\/792299530375269\/\" target=\"_blank\" rel=\"noreferrer noopener\">+ info<\/a><\/p>\n<\/div><\/div><div role=\"img\" aria-label=\"\" class=\"event__image event__image--save\" style=\"background-image:url(https:\/\/www.facebook.com\/events\/446457068498969);background-size:cover\"><\/div><\/div>\n\n\n\n<div class=\"wp-block-a8c-event aligncenter\"><div class=\"event__details\"><div class=\"event__datebox\"><span>Mar<\/span><span>27<\/span><\/div><h3 class=\"event__title\">XXXVII FEST-i-BALL &#8211; 27 A 29 MAR\u00c7O<\/h3><div class=\"event__time\"><span class=\"event__label\">When:<\/span><time class=\"event__date-select\" datetime=\"2026-03-27T22:00:00+01:00\">27 de Mar de 2026 22:00<\/time><\/div><div class=\"event__location\"><span class=\"event__label\">Where:<\/span>Teatro da Luz<br>Largo da Luz, Lisboa<\/div><div class=\"event__description\">\n<p><a href=\"https:\/\/www.facebook.com\/festiball.tradballs\" target=\"_blank\" rel=\"noreferrer noopener\">+ info<\/a><\/p>\n<\/div><\/div><div role=\"img\" aria-label=\"\" class=\"event__image event__image--save\" style=\"background-image:url(https:\/\/www.facebook.com\/events\/446457068498969);background-size:cover\"><\/div><\/div>\n\n\n\n<div class=\"wp-block-a8c-event aligncenter\"><div class=\"event__details\"><div class=\"event__datebox\"><span>Mar<\/span><span>18<\/span><\/div><h3 class=\"event__title\">TERT\u00daLIA TRAD<\/h3><div class=\"event__time\"><span class=\"event__label\">When:<\/span><time class=\"event__date-select\" datetime=\"2026-03-18T22:00:00+01:00\">18 de Mar de 2026 22:00<\/time><\/div><div class=\"event__location\"><span class=\"event__label\">Where:<\/span>F\u00e1brica do Bra\u00e7o de Prata<br>Rua F\u00e1brica Material Guerra, Lisboa<\/div><div class=\"event__description\">\n<p><a href=\"https:\/\/web.facebook.com\/events\/792299513708604\/792299530375269\/\" data-type=\"link\" data-id=\"https:\/\/web.facebook.com\/events\/792299513708604\/792299530375269\/\" target=\"_blank\" rel=\"noreferrer noopener\">+ info<\/a><\/p>\n<\/div><\/div><div role=\"img\" aria-label=\"\" class=\"event__image event__image--save\" style=\"background-image:url(https:\/\/www.facebook.com\/events\/446457068498969);background-size:cover\"><\/div><\/div>\n\n\n\n<div class=\"wp-block-a8c-event aligncenter\"><div class=\"event__details\"><div class=\"event__datebox\"><span>Mar<\/span><span>7<\/span><\/div><h3 class=\"event__title\">BAILE DAS SAIAS: TRADPLUS DUO (it)<\/h3><div class=\"event__time\"><span class=\"event__label\">When:<\/span><time class=\"event__date-select\" datetime=\"2026-03-07T22:00:00+01:00\">7 de Mar de 2026 22:00<\/time><\/div><div class=\"event__location\"><span class=\"event__label\">Where:<\/span>Teatro da Luz<br>Largo da Luz, Lisboa<\/div><div class=\"event__description\">\n<p><a href=\"https:\/\/www.facebook.com\/events\/24929406216730754\/\">+ info<\/a><\/p>\n<\/div><\/div><div role=\"img\" aria-label=\"\" class=\"event__image event__image--save\" style=\"background-image:url(https:\/\/www.facebook.com\/events\/446457068498969);background-size:cover\"><\/div><\/div>\n\n\n\n<div class=\"wp-block-a8c-event aligncenter\"><div class=\"event__details\"><div class=\"event__datebox\"><span>Fev<\/span><span>25<\/span><\/div><h3 class=\"event__title\">TERT\u00daLIA TRAD<\/h3><div class=\"event__time\"><span class=\"event__label\">When:<\/span><time class=\"event__date-select\" datetime=\"2026-02-25T22:00:00+01:00\">25 de Fev de 2026 22:00<\/time><\/div><div class=\"event__location\"><span class=\"event__label\">Where:<\/span>F\u00e1brica do Bra\u00e7o de Prata<br>Rua F\u00e1brica Material Guerra, Lisboa<\/div><div class=\"event__description\">\n<p><a href=\"https:\/\/web.facebook.com\/events\/792299513708604\/792299530375269\/\" data-type=\"link\" data-id=\"https:\/\/web.facebook.com\/events\/792299513708604\/792299530375269\/\" target=\"_blank\" rel=\"noreferrer noopener\">+ info<\/a><\/p>\n<\/div><\/div><div role=\"img\" aria-label=\"\" class=\"event__image event__image--save\" style=\"background-image:url(https:\/\/www.facebook.com\/events\/446457068498969);background-size:cover\"><\/div><\/div>\n\n\n\n<div class=\"wp-block-a8c-event aligncenter\"><div class=\"event__details\"><div class=\"event__datebox\"><span>Fev<\/span><span>21<\/span><\/div><h3 class=\"event__title\">ANIVERS\u00c1RIO TRADBALLS: NARAGONIA (BE) + GANDARVA (PT)<\/h3><div class=\"event__time\"><span class=\"event__label\">When:<\/span><time class=\"event__date-select\" datetime=\"2026-02-21T22:00:00+01:00\">21 de Fev de 2026 22:00<\/time><\/div><div class=\"event__location\"><span class=\"event__label\">Where:<\/span>Teatro da Luz<br>Largo da Luz, Lisboa<\/div><div class=\"event__description\">\n<p><a href=\"https:\/\/www.facebook.com\/events\/2330660804062066\/\">+ info<\/a><\/p>\n<\/div><\/div><div role=\"img\" aria-label=\"\" class=\"event__image event__image--save\" style=\"background-image:url(https:\/\/www.facebook.com\/events\/446457068498969);background-size:cover\"><\/div><\/div>\n\n\n\n<div class=\"wp-block-a8c-event aligncenter\"><div class=\"event__details\"><div class=\"event__datebox\"><span>Fev<\/span><span>20<\/span><\/div><h3 class=\"event__title\">BALL-TRAD: NARAGONIA &amp; Co. (BE)<\/h3><div class=\"event__time\"><span class=\"event__label\">When:<\/span><time class=\"event__date-select\" datetime=\"2026-02-20T22:00:00+01:00\">20 de Fev de 2026 22:00<\/time><\/div><div class=\"event__location\"><span class=\"event__label\">Where:<\/span>Teatro da Luz<br>Largo da Luz, Lisboa<\/div><div class=\"event__description\">\n<p><a href=\"https:\/\/web.facebook.com\/events\/1251668950237425\" target=\"_blank\" rel=\"noreferrer noopener\">+ info<\/a><\/p>\n<\/div><\/div><div role=\"img\" aria-label=\"\" class=\"event__image event__image--save\" style=\"background-image:url(https:\/\/www.facebook.com\/events\/446457068498969);background-size:cover\"><\/div><\/div>\n\n\n\n<div class=\"wp-block-a8c-event aligncenter\"><div class=\"event__details\"><div class=\"event__datebox\"><span>Fev<\/span><span>7<\/span><\/div><h3 class=\"event__title\">BALL-TRAD: UXU KALHUS<\/h3><div class=\"event__time\"><span class=\"event__label\">When:<\/span><time class=\"event__date-select\" datetime=\"2026-02-07T22:00:00+01:00\">7 de Fev de 2026 22:00<\/time><\/div><div class=\"event__location\"><span class=\"event__label\">Where:<\/span>Teatro da Luz<br>Largo da Luz, Lisboa<\/div><div class=\"event__description\">\n<p><a href=\"https:\/\/www.facebook.com\/events\/1177194097872576\">+ info<\/a><\/p>\n<\/div><\/div><div role=\"img\" aria-label=\"\" class=\"event__image event__image--save\" style=\"background-image:url(https:\/\/www.facebook.com\/events\/446457068498969);background-size:cover\"><\/div><\/div>\n\n\n\n<div class=\"wp-block-a8c-event aligncenter\"><div class=\"event__details\"><div class=\"event__datebox\"><span>Jan<\/span><span>14<\/span><\/div><h3 class=\"event__title\">TERT\u00daLIA TRAD<\/h3><div class=\"event__time\"><span class=\"event__label\">When:<\/span><time class=\"event__date-select\" datetime=\"2026-01-14T22:00:00+01:00\">14 de Jan de 2026 22:00<\/time><\/div><div class=\"event__location\"><span class=\"event__label\">Where:<\/span>F\u00e1brica do Bra\u00e7o de Prata<br>Rua F\u00e1brica Material Guerra, Lisboa<\/div><div class=\"event__description\">\n<p><a href=\"https:\/\/web.facebook.com\/events\/792299513708604\/792299530375269\/\" data-type=\"link\" data-id=\"https:\/\/web.facebook.com\/events\/792299513708604\/792299530375269\/\" target=\"_blank\" rel=\"noreferrer noopener\">+ info<\/a><\/p>\n<\/div><\/div><div role=\"img\" aria-label=\"\" class=\"event__image event__image--save\" style=\"background-image:url(https:\/\/www.facebook.com\/events\/446457068498969);background-size:cover\"><\/div><\/div>\n\n\n\n<div class=\"wp-block-a8c-event aligncenter\"><div class=\"event__details\"><div class=\"event__datebox\"><span>Jan<\/span><span>11<\/span><\/div><h3 class=\"event__title\">BAile de reis &#8211; JAM SESSION ABERTA<\/h3><div class=\"event__time\"><span class=\"event__label\">When:<\/span><time class=\"event__date-select\" datetime=\"2026-01-11T16:00:00+01:00\">11 de Jan de 2026 16:00<\/time><\/div><div class=\"event__location\"><span class=\"event__label\">Where:<\/span>Casa do Concelho de Castanheira de Pera<br>Rua Alves Torgo n\u00ba 37, Lisboa<\/div><div class=\"event__description\">\n<p><a href=\"https:\/\/web.facebook.com\/events\/1412211583587451\" target=\"_blank\" rel=\"noreferrer noopener\">+ info<\/a><\/p>\n<\/div><\/div><div role=\"img\" aria-label=\"\" class=\"event__image event__image--save\" style=\"background-image:url(https:\/\/www.facebook.com\/events\/446457068498969);background-size:cover\"><\/div><\/div>\n\n\n\n<div class=\"wp-block-a8c-event\"><div class=\"event__details\"><div class=\"event__datebox\"><span>Dez<\/span><span>31<\/span><\/div><h3 class=\"event__title\">FESTIBALL PASSAGEM D&#8217;ANO &#8211; 31 DEZEMBRO A 3 JANEIRO<\/h3><div class=\"event__time\"><span class=\"event__label\">When:<\/span><time class=\"event__date-select\" datetime=\"2025-12-31T22:00:00+01:00\">31 de Dez de 2025 22:00<\/time><\/div><div class=\"event__location\"><span class=\"event__label\">Where:<\/span>Centro Norton de Matos<br>Bairro Norton de Matos, Coimbra<\/div><div class=\"event__description\">\n<p><a href=\"https:\/\/www.tradballs.pt\/pt\/passagem-dano\/passagem-dano-2025-26\/\">+ info<\/a><\/p>\n<\/div><\/div><div role=\"img\" aria-label=\"\" class=\"event__image event__image--save\" style=\"background-image:url(https:\/\/www.facebook.com\/events\/446457068498969);background-size:cover\"><\/div><\/div>\n\n\n\n<div class=\"wp-block-a8c-event aligncenter\"><div class=\"event__details\"><div class=\"event__datebox\"><span>Dez<\/span><span>17<\/span><\/div><h3 class=\"event__title\">TERT\u00daLIA TRAD NATAL: DJAYS REIS MAGOS<\/h3><div class=\"event__time\"><span class=\"event__label\">When:<\/span><time class=\"event__date-select\" datetime=\"2025-12-17T22:00:00+01:00\">17 de Dez de 2025 22:00<\/time><\/div><div class=\"event__location\"><span class=\"event__label\">Where:<\/span>F\u00e1brica do Bra\u00e7o de Prata<br>Rua F\u00e1brica Material Guerra, Lisboa<\/div><div class=\"event__description\">\n<p><a href=\"https:\/\/web.facebook.com\/events\/792299513708604\/792299530375269\/\" target=\"_blank\" rel=\"noreferrer noopener\">+ info<\/a><\/p>\n<\/div><\/div><div role=\"img\" aria-label=\"\" class=\"event__image event__image--save\" style=\"background-image:url(https:\/\/www.facebook.com\/events\/446457068498969);background-size:cover\"><\/div><\/div>\n\n\n\n<div class=\"wp-block-a8c-event aligncenter\"><div class=\"event__details\"><div class=\"event__datebox\"><span>Abr<\/span><span>18<\/span><\/div><h3 class=\"event__title\">DAN\u00c7AS TRADICIONAIS: FOLK \u00c0 SOLTA<\/h3><div class=\"event__time\"><span class=\"event__label\">When:<\/span><time class=\"event__date-select\" datetime=\"2026-04-18T14:00:00+01:00\">18 de Abr de 2026 14:00<\/time><\/div><div class=\"event__location\"><span class=\"event__label\">Where:<\/span>Anfiteatro Ar Livre, Funda\u00e7\u00e3o Calouste Gulbenkian, <br>Av. Berna, Lisboa<\/div><div class=\"event__description\">\n<p><a href=\"https:\/\/www.facebook.com\/events\/1349784796980231\">+ info<\/a><\/p>\n<\/div><\/div><div role=\"img\" aria-label=\"\" class=\"event__image event__image--save\" style=\"background-image:url(https:\/\/www.facebook.com\/events\/446457068498969);background-size:cover\"><\/div><\/div>\n\n\n\n<div class=\"wp-block-a8c-event aligncenter\"><div class=\"event__details\"><div class=\"event__datebox\"><span>Dez<\/span><span>13<\/span><\/div><h3 class=\"event__title\">BALL-TRAD NATAL: ZAROJ (es)<\/h3><div class=\"event__time\"><span class=\"event__label\">When:<\/span><time class=\"event__date-select\" datetime=\"2025-12-13T22:00:00+01:00\">13 de Dez de 2025 22:00<\/time><\/div><div class=\"event__location\"><span class=\"event__label\">Where:<\/span>Teatro da Luz<br>Largo da Luz, Lisboa<\/div><div class=\"event__description\">\n<p><\/p>\n<\/div><\/div><div role=\"img\" aria-label=\"\" class=\"event__image event__image--save\" style=\"background-image:url(https:\/\/www.facebook.com\/events\/446457068498969);background-size:cover\"><\/div><\/div>\n\n\n\n<div class=\"wp-block-a8c-event aligncenter\"><div class=\"event__details\"><div class=\"event__datebox\"><span>Dez<\/span><span>13<\/span><\/div><h3 class=\"event__title\">ANIMA\u00c7\u00c3O DE NATAL: DAN\u00c7AS TRADICIONAIS<\/h3><div class=\"event__time\"><span class=\"event__label\">When:<\/span><time class=\"event__date-select\" datetime=\"2025-12-13T19:00:00+01:00\">13 de Dez de 2025 19:00<\/time><\/div><div class=\"event__location\"><span class=\"event__label\">Where:<\/span>Mercado de Natal de Carnide<br>Largo das Pimenteiras, Carnide [Lisboa]<\/div><div class=\"event__description\">\n<p><\/p>\n<\/div><\/div><div role=\"img\" aria-label=\"\" class=\"event__image event__image--save\" style=\"background-image:url(https:\/\/www.facebook.com\/events\/446457068498969);background-size:cover\"><\/div><\/div>\n\n\n\n<div class=\"wp-block-a8c-event aligncenter\"><div class=\"event__details\"><div class=\"event__datebox\"><span>Dez<\/span><span>3<\/span><\/div><h3 class=\"event__title\">TERT\u00daLIA TRAD<\/h3><div class=\"event__time\"><span class=\"event__label\">When:<\/span><time class=\"event__date-select\" datetime=\"2025-12-03T22:00:00+01:00\">3 de Dez de 2025 22:00<\/time><\/div><div class=\"event__location\"><span class=\"event__label\">Where:<\/span>F\u00e1brica do Bra\u00e7o de Prata<br>Rua F\u00e1brica Material Guerra, Lisboa<\/div><div class=\"event__description\">\n<p><a href=\"https:\/\/web.facebook.com\/events\/792299513708604\/792299530375269\/\" data-type=\"link\" data-id=\"https:\/\/web.facebook.com\/events\/792299513708604\/792299530375269\/\" target=\"_blank\" rel=\"noreferrer noopener\">+ info<\/a><\/p>\n<\/div><\/div><div role=\"img\" aria-label=\"\" class=\"event__image event__image--save\" style=\"background-image:url(https:\/\/www.facebook.com\/events\/446457068498969);background-size:cover\"><\/div><\/div>\n\n\n\n<div class=\"wp-block-a8c-event aligncenter\"><div class=\"event__details\"><div class=\"event__datebox\"><span>Nov<\/span><span>5<\/span><\/div><h3 class=\"event__title\">TERT\u00daLIA TRAD<\/h3><div class=\"event__time\"><span class=\"event__label\">When:<\/span><time class=\"event__date-select\" datetime=\"2025-11-05T22:00:00+01:00\">5 de Nov de 2025 22:00<\/time><\/div><div class=\"event__location\"><span class=\"event__label\">Where:<\/span>F\u00e1brica do Bra\u00e7o de Prata<br>Rua F\u00e1brica Material Guerra, Lisboa<\/div><div class=\"event__description\">\n<p><a href=\"https:\/\/www.facebook.com\/events\/446457068498969\" target=\"_blank\" rel=\"noreferrer noopener\">+ info<\/a><\/p>\n<\/div><\/div><div role=\"img\" aria-label=\"\" class=\"event__image event__image--save\" style=\"background-image:url(https:\/\/www.facebook.com\/events\/446457068498969);background-size:cover\"><\/div><\/div>\n\n\n\n<div class=\"wp-block-a8c-event aligncenter\"><div class=\"event__details\"><div class=\"event__datebox\"><span>Out<\/span><span>31<\/span><\/div><h3 class=\"event__title\">BALL-o-WEEN: BALDIO<\/h3><div class=\"event__time\"><span class=\"event__label\">When:<\/span><time class=\"event__date-select\" datetime=\"2025-10-31T21:00:00+01:00\">31 de Out de 2025 21:00<\/time><\/div><div class=\"event__location\"><span class=\"event__label\">Where:<\/span>Teatro da Luz<br>Largo da Luz, Lisboa<\/div><div class=\"event__description\">\n<p><a href=\"https:\/\/www.facebook.com\/events\/1171923714988196\" target=\"_blank\" rel=\"noreferrer noopener\">+ info<\/a><\/p>\n<\/div><\/div><div role=\"img\" aria-label=\"\" class=\"event__image event__image--save\" style=\"background-image:url(https:\/\/www.facebook.com\/events\/446457068498969);background-size:cover\"><\/div><\/div>\n\n\n\n<div class=\"wp-block-a8c-event aligncenter\"><div class=\"event__details\"><div class=\"event__datebox\"><span>Out<\/span><span>24<\/span><\/div><h3 class=\"event__title\">XXXVI FEST-i-BALL &#8211; 24 A 26 OUTUBRO<\/h3><div class=\"event__time\"><span class=\"event__label\">When:<\/span><time class=\"event__date-select\" datetime=\"2025-10-24T21:00:00+01:00\">24 de Out de 2025 21:00<\/time><\/div><div class=\"event__location\"><span class=\"event__label\">Where:<\/span>Teatro da Luz<br>Largo da Luz, Lisboa<\/div><div class=\"event__description\">\n<p><a href=\"https:\/\/www.facebook.com\/festiball.tradballs\" target=\"_blank\" rel=\"noreferrer noopener\">+ info<\/a><\/p>\n<\/div><\/div><div role=\"img\" aria-label=\"\" class=\"event__image event__image--save\" style=\"background-image:url(https:\/\/www.facebook.com\/events\/446457068498969);background-size:cover\"><\/div><\/div>\n\n\n\n<div class=\"wp-block-a8c-event aligncenter\"><div class=\"event__details\"><div class=\"event__datebox\"><span>Set<\/span><span>26<\/span><\/div><h3 class=\"event__title\">BALL-DJ SET: DJ MATI@S<\/h3><div class=\"event__time\"><span class=\"event__label\">When:<\/span><time class=\"event__date-select\" datetime=\"2025-09-26T21:00:00+01:00\">26 de Set de 2025 21:00<\/time><\/div><div class=\"event__location\"><span class=\"event__label\">Where:<\/span>Noite dos Investigadores 2025<br>Jardim do Principe Real, Lisboa<\/div><div class=\"event__description\">\n<p><a href=\"https:\/\/www.facebook.com\/events\/1171923714988196\" target=\"_blank\" rel=\"noreferrer noopener\">+ info<\/a><\/p>\n<\/div><\/div><div role=\"img\" aria-label=\"\" class=\"event__image event__image--save\" style=\"background-image:url(https:\/\/www.facebook.com\/events\/446457068498969);background-size:cover\"><\/div><\/div>\n\n\n\n<div class=\"wp-block-a8c-event aligncenter\"><div class=\"event__details\"><div class=\"event__datebox\"><span>Set<\/span><span>19<\/span><\/div><h3 class=\"event__title\">FESTIVAL DAN\u00c7AS AO LU(MI)AR &#8211; 19 E 20 SET<\/h3><div class=\"event__time\"><span class=\"event__label\">When:<\/span><time class=\"event__date-select\" datetime=\"2025-09-19T18:00:00+01:00\">19 de Set de 2025 18:00<\/time><\/div><div class=\"event__location\"><span class=\"event__label\">Where:<\/span>Quinta das Conchas<br>Lumiar, Lisboa<\/div><div class=\"event__description\">\n<p><a href=\"https:\/\/www.facebook.com\/events\/1259841192546521\" target=\"_blank\" rel=\"noreferrer noopener\">+ info<\/a><\/p>\n<\/div><\/div><div role=\"img\" aria-label=\"\" class=\"event__image event__image--save\" style=\"background-image:url(https:\/\/www.facebook.com\/events\/446457068498969);background-size:cover\"><\/div><\/div>\n\n\n\n<div class=\"wp-block-a8c-event aligncenter\"><div class=\"event__details\"><div class=\"event__datebox\"><span>Set<\/span><span>14<\/span><\/div><h3 class=\"event__title\">BALL-TRAD: NUNO CARPINTEIRO TRIO<\/h3><div class=\"event__time\"><span class=\"event__label\">When:<\/span><time class=\"event__date-select\" datetime=\"2025-09-14T20:00:00+01:00\">14 de Set de 2025 20:00<\/time><\/div><div class=\"event__location\"><span class=\"event__label\">Where:<\/span>Feira da Luz 2025<br>Largo da Luz, Carnide, Lisboa<\/div><div class=\"event__description\">\n<p><a href=\"https:\/\/www.facebook.com\/events\/446457068498969\" target=\"_blank\" rel=\"noreferrer noopener\">+ info<\/a><\/p>\n<\/div><\/div><div role=\"img\" aria-label=\"\" class=\"event__image event__image--save\" style=\"background-image:url(https:\/\/www.facebook.com\/events\/446457068498969);background-size:cover\"><\/div><\/div>\n\n\n\n<div class=\"wp-block-a8c-event aligncenter\"><div class=\"event__details\"><div class=\"event__datebox\"><span>Jul<\/span><span>16<\/span><\/div><h3 class=\"event__title\">TERT\u00daLIA TRAD<\/h3><div class=\"event__time\"><span class=\"event__label\">When:<\/span><time class=\"event__date-select\" datetime=\"2025-07-16T21:00:00+01:00\">16 de Jul de 2025 21:00<\/time><\/div><div class=\"event__location\"><span class=\"event__label\">Where:<\/span>F\u00e1brica do Bra\u00e7o de Prata<br>Rua F\u00e1brica Material Guerra, Lisboa<\/div><div class=\"event__description\">\n<p><a href=\"https:\/\/www.facebook.com\/events\/446457068498969\" target=\"_blank\" rel=\"noreferrer noopener\">+ info<\/a><\/p>\n<\/div><\/div><div role=\"img\" aria-label=\"\" class=\"event__image event__image--save\" style=\"background-image:url(https:\/\/www.facebook.com\/events\/446457068498969);background-size:cover\"><\/div><\/div>\n\n\n\n<div class=\"wp-block-a8c-event aligncenter\"><div class=\"event__details\"><div class=\"event__datebox\"><span>Jul<\/span><span>13<\/span><\/div><h3 class=\"event__title\">DAN\u00c7AS TRADICIONAIS c\/ MATIAS<\/h3><div class=\"event__time\"><span class=\"event__label\">When:<\/span><time class=\"event__date-select\" datetime=\"2025-07-13T17:00:00+01:00\">13 de Jul de 2025 17:00<\/time><\/div><div class=\"event__location\"><span class=\"event__label\">Where:<\/span>Festival do P\u00e3o 2025<br>Jardim do Cerco, Mafra<\/div><div class=\"event__description\">\n<p><a href=\"https:\/\/www.facebook.com\/events\/446457068498969\" target=\"_blank\" rel=\"noreferrer noopener\">+ info<\/a><\/p>\n<\/div><\/div><div role=\"img\" aria-label=\"\" class=\"event__image event__image--save\" style=\"background-image:url(https:\/\/www.facebook.com\/events\/446457068498969);background-size:cover\"><\/div><\/div>\n\n\n\n<div class=\"wp-block-a8c-event aligncenter\"><div class=\"event__details\"><div class=\"event__datebox\"><span>Jun<\/span><span>26<\/span><\/div><h3 class=\"event__title\">FESTIVAL RAIZ D&#8217;ALDEIA &#8211; 26 A 29 JUNHO<\/h3><div class=\"event__time\"><span class=\"event__label\">When:<\/span><time class=\"event__date-select\" datetime=\"2025-06-26T21:00:00+01:00\">26 de Jun de 2025 21:00<\/time><\/div><div class=\"event__location\"><span class=\"event__label\">Where:<\/span>Parque Fluvial Lavandeira<br>Janeiro de Cima<\/div><div class=\"event__description\">\n<p><a href=\"https:\/\/www.facebook.com\/raizdaldeia\" target=\"_blank\" rel=\"noreferrer noopener\">+ info<\/a><\/p>\n<\/div><\/div><div role=\"img\" aria-label=\"\" class=\"event__image event__image--save\" style=\"background-image:url(https:\/\/www.facebook.com\/events\/446457068498969);background-size:cover\"><\/div><\/div>\n\n\n\n<div class=\"wp-block-a8c-event aligncenter\"><div class=\"event__details\"><div class=\"event__datebox\"><span>Jun<\/span><span>14<\/span><\/div><h3 class=\"event__title\">BALL-DJ SET: DJ ARINTO | ANIVERS\u00c1RIO DA F\u00c1BRICA BRA\u00c7O DE PRATA<\/h3><div class=\"event__time\"><span class=\"event__label\">When:<\/span><time class=\"event__date-select\" datetime=\"2025-06-14T20:00:00+01:00\">14 de Jun de 2025 20:00<\/time><\/div><div class=\"event__location\"><span class=\"event__label\">Where:<\/span>F\u00e1brica do Bra\u00e7o de Prata<br>Rua F\u00e1brica Material Guerra, Lisboa<\/div><div class=\"event__description\">\n<p><a href=\"https:\/\/www.facebook.com\/events\/446457068498969\" target=\"_blank\" rel=\"noreferrer noopener\">+ info<\/a><\/p>\n<\/div><\/div><div role=\"img\" aria-label=\"\" class=\"event__image event__image--save\" style=\"background-image:url(https:\/\/www.facebook.com\/events\/446457068498969);background-size:cover\"><\/div><\/div>\n\n\n\n<div class=\"wp-block-a8c-event aligncenter\"><div class=\"event__details\"><div class=\"event__datebox\"><span>Jun<\/span><span>18<\/span><\/div><h3 class=\"event__title\">TERT\u00daLIA TRAD<\/h3><div class=\"event__time\"><span class=\"event__label\">When:<\/span><time class=\"event__date-select\" datetime=\"2025-06-18T21:00:00+01:00\">18 de Jun de 2025 21:00<\/time><\/div><div class=\"event__location\"><span class=\"event__label\">Where:<\/span>F\u00e1brica do Bra\u00e7o de Prata<br>Rua F\u00e1brica Material Guerra, Lisboa<\/div><div class=\"event__description\">\n<p><a href=\"https:\/\/www.facebook.com\/events\/446457068498969\" target=\"_blank\" rel=\"noreferrer noopener\">+ info<\/a><\/p>\n<\/div><\/div><div role=\"img\" aria-label=\"\" class=\"event__image event__image--save\" style=\"background-image:url(https:\/\/www.facebook.com\/events\/446457068498969);background-size:cover\"><\/div><\/div>\n\n\n\n<div class=\"wp-block-a8c-event aligncenter\"><div class=\"event__details\"><div class=\"event__datebox\"><span>Jun<\/span><span>1<\/span><\/div><h3 class=\"event__title\">BALL-TRAD: FOLKY BAL&#8217;BOA<\/h3><div class=\"event__time\"><span class=\"event__label\">When:<\/span><time class=\"event__date-select\" datetime=\"2025-06-01T16:00:00+01:00\">1 de Jun de 2025 16:00<\/time><\/div><div class=\"event__location\"><span class=\"event__label\">Where:<\/span>Solar dos Zagallos<br>Sobreda, Almada<\/div><div class=\"event__description\">\n<p><a href=\"https:\/\/www.facebook.com\/events\/1816832838857565\" target=\"_blank\" rel=\"noreferrer noopener\">+ info<\/a><\/p>\n<\/div><\/div><div role=\"img\" aria-label=\"\" class=\"event__image event__image--save\" style=\"background-image:url(https:\/\/www.facebook.com\/events\/446457068498969);background-size:cover\"><\/div><\/div>\n\n\n\n<div class=\"wp-block-a8c-event aligncenter\"><div class=\"event__details\"><div class=\"event__datebox\"><span>Mai<\/span><span>31<\/span><\/div><h3 class=\"event__title\">TERT\u00daLIA TRAD ESPECIAL &#8211; TEATRO IB\u00c9RICO<\/h3><div class=\"event__time\"><span class=\"event__label\">When:<\/span><time class=\"event__date-select\" datetime=\"2025-05-31T22:00:00+01:00\">31 de Mai de 2025 22:00<\/time><\/div><div class=\"event__location\"><span class=\"event__label\">Where:<\/span>Teatro Ib\u00e9rico<br>Rua de Xabregas 54, Lisboa<\/div><div class=\"event__description\">\n<p><a href=\"https:\/\/www.facebook.com\/events\/746656311023364\" target=\"_blank\" rel=\"noreferrer noopener\">+ info<\/a><\/p>\n<\/div><\/div><div role=\"img\" aria-label=\"\" class=\"event__image event__image--save\" style=\"background-image:url(https:\/\/www.facebook.com\/events\/446457068498969);background-size:cover\"><\/div><\/div>\n\n\n\n<div class=\"wp-block-a8c-event aligncenter\"><div class=\"event__details\"><div class=\"event__datebox\"><span>Mai<\/span><span>17<\/span><\/div><h3 class=\"event__title\">BALL-TRAD: PARASOL DUO<\/h3><div class=\"event__time\"><span class=\"event__label\">When:<\/span><time class=\"event__date-select\" datetime=\"2025-05-17T22:00:00+01:00\">17 de Mai de 2025 22:00<\/time><\/div><div class=\"event__location\"><span class=\"event__label\">Where:<\/span>Teatro da Luz<br>Largo da Luz, Lisboa<\/div><div class=\"event__description\">\n<p><a href=\"https:\/\/www.facebook.com\/events\/1816832838857565\" target=\"_blank\" rel=\"noreferrer noopener\">+ info<\/a><\/p>\n<\/div><\/div><div role=\"img\" aria-label=\"\" class=\"event__image event__image--save\" style=\"background-image:url(https:\/\/www.facebook.com\/events\/446457068498969);background-size:cover\"><\/div><\/div>\n\n\n\n<div class=\"wp-block-a8c-event aligncenter\"><div class=\"event__details\"><div class=\"event__datebox\"><span>Mai<\/span><span>9<\/span><\/div><h3 class=\"event__title\">DAN\u00c7AS TRADICIONAIS: FEIRA DO FUMEIRO<\/h3><div class=\"event__time\"><span class=\"event__label\">When:<\/span><time class=\"event__date-select\" datetime=\"2025-05-09T18:00:00+01:00\">9 de Mai de 2025 18:00<\/time><\/div><div class=\"event__location\"><span class=\"event__label\">Where:<\/span>Jardim da Luz, Carnide,<br>Lisboa<\/div><div class=\"event__description\">\n<p><a href=\"https:\/\/www.facebook.com\/events\/1011598807608449\" target=\"_blank\" rel=\"noreferrer noopener\">+ info<\/a><\/p>\n<\/div><\/div><div role=\"img\" aria-label=\"\" class=\"event__image event__image--save\" style=\"background-image:url(https:\/\/www.facebook.com\/events\/446457068498969);background-size:cover\"><\/div><\/div>\n\n\n\n<div class=\"wp-block-a8c-event aligncenter\"><div class=\"event__details\"><div class=\"event__datebox\"><span>Mai<\/span><span>7<\/span><\/div><h3 class=\"event__title\">TERT\u00daLIA TRAD<\/h3><div class=\"event__time\"><span class=\"event__label\">When:<\/span><time class=\"event__date-select\" datetime=\"2025-05-07T22:00:00+01:00\">7 de Mai de 2025 22:00<\/time><\/div><div class=\"event__location\"><span class=\"event__label\">Where:<\/span>F\u00e1brica do Bra\u00e7o de Prata<br>Rua F\u00e1brica Material Guerra, Lisboa<\/div><div class=\"event__description\">\n<p><a href=\"https:\/\/www.facebook.com\/events\/446457068498969\" target=\"_blank\" rel=\"noreferrer noopener\">+ info<\/a><\/p>\n<\/div><\/div><div role=\"img\" aria-label=\"\" class=\"event__image event__image--save\" style=\"background-image:url(https:\/\/www.facebook.com\/events\/446457068498969);background-size:cover\"><\/div><\/div>\n\n\n\n<div class=\"wp-block-a8c-event aligncenter\"><div class=\"event__details\"><div class=\"event__datebox\"><span>Mai<\/span><span>3<\/span><\/div><h3 class=\"event__title\">BALL-TRAD: MONTE LUNAI<\/h3><div class=\"event__time\"><span class=\"event__label\">When:<\/span><time class=\"event__date-select\" datetime=\"2025-05-03T22:00:00+01:00\">3 de Mai de 2025 22:00<\/time><\/div><div class=\"event__location\"><span class=\"event__label\">Where:<\/span>Teatro da Luz<br>Largo da Luz, Lisboa<\/div><div class=\"event__description\">\n<p><a href=\"https:\/\/www.facebook.com\/events\/446457068498969\" target=\"_blank\" rel=\"noreferrer noopener\">+ info<\/a><\/p>\n<\/div><\/div><div role=\"img\" aria-label=\"\" class=\"event__image event__image--save\" style=\"background-image:url(https:\/\/www.facebook.com\/events\/446457068498969);background-size:cover\"><\/div><\/div>\n\n\n\n<div class=\"wp-block-a8c-event aligncenter\"><div class=\"event__details\"><div class=\"event__datebox\"><span>Mar<\/span><span>28<\/span><\/div><h3 class=\"event__title\">XXXV FEST-i-BALL &#8211; 28 A 30 MAR\u00c7O<\/h3><div class=\"event__time\"><span class=\"event__label\">When:<\/span><time class=\"event__date-select\" datetime=\"2025-03-28T22:00:00+01:00\">28 de Mar de 2025 22:00<\/time><\/div><div class=\"event__location\"><span class=\"event__label\">Where:<\/span>Teatro da Luz<br>Largo da Luz, Lisboa<\/div><div class=\"event__description\">\n<p><a href=\"https:\/\/www.facebook.com\/events\/1797924587609789\" target=\"_blank\" rel=\"noreferrer noopener\">+ info<\/a><\/p>\n<\/div><\/div><div role=\"img\" aria-label=\"\" class=\"event__image event__image--save\" style=\"background-image:url(https:\/\/www.facebook.com\/events\/446457068498969);background-size:cover\"><\/div><\/div>\n\n\n\n<div class=\"wp-block-a8c-event aligncenter\"><div class=\"event__details\"><div class=\"event__datebox\"><span>Mar<\/span><span>14<\/span><\/div><h3 class=\"event__title\">BAILE DAS SAIAS<br>FOLKY BAL&#8217;BOA + LAURENT GEOFFROY<\/h3><div class=\"event__time\"><span class=\"event__label\">When:<\/span><time class=\"event__date-select\" datetime=\"2025-03-14T22:00:00+01:00\">14 de Mar de 2025 22:00<\/time><\/div><div class=\"event__location\"><span class=\"event__label\">Where:<\/span>Teatro da Luz<br>Largo da Luz, Lisboa<\/div><div class=\"event__description\">\n<p><a href=\"https:\/\/www.facebook.com\/events\/1071236318345905\" target=\"_blank\" rel=\"noreferrer noopener\">+ info<\/a><\/p>\n<\/div><\/div><div role=\"img\" aria-label=\"\" class=\"event__image event__image--save\" style=\"background-image:url(https:\/\/www.facebook.com\/events\/446457068498969);background-size:cover\"><\/div><\/div>\n\n\n\n<div class=\"wp-block-a8c-event\"><div class=\"event__details\"><div class=\"event__datebox\"><span>Fev<\/span><span>22<\/span><\/div><h3 class=\"event__title\">FESTA XX ANIVERS\u00c1RIO TRADBALLS &#8211; DANCING STRINGS + R\u00c9MI GEFFROY<br>        \u2022 \ud835\uddd8\ud835\udde6\ud835\uddda\ud835\udde2\ud835\udde7\ud835\uddd4\ud835\uddd7\ud835\udde2<\/h3><div class=\"event__time\"><span class=\"event__label\">When:<\/span><time class=\"event__date-select\" datetime=\"2025-02-22T15:00:00+01:00\">22 de Fev de 2025 15:00<\/time><\/div><div class=\"event__location\"><span class=\"event__label\">Where:<\/span>Teatro da Luz<br>Largo da Luz, Lisboa<\/div><div class=\"event__description\">\n<p><a href=\"https:\/\/www.facebook.com\/events\/2024688941283264\" target=\"_blank\" rel=\"noreferrer noopener\">+ info<\/a><\/p>\n<\/div><\/div><div role=\"img\" aria-label=\"\" class=\"event__image event__image--save\" style=\"background-image:url(https:\/\/www.facebook.com\/events\/446457068498969);background-size:cover\"><\/div><\/div>\n\n\n\n<div class=\"wp-block-a8c-event aligncenter\"><div class=\"event__details\"><div class=\"event__datebox\"><span>Fev<\/span><span>1<\/span><\/div><h3 class=\"event__title\">BALL-TRAD UXU KALHUS<\/h3><div class=\"event__time\"><span class=\"event__label\">When:<\/span><time class=\"event__date-select\" datetime=\"2025-02-01T22:00:00+01:00\">1 de Fev de 2025 22:00<\/time><\/div><div class=\"event__location\"><span class=\"event__label\">Where:<\/span>Teatro da Luz<br>Largo da Luz, Carnide, Lisboa<\/div><div class=\"event__description\">\n<p><a href=\"https:\/\/www.facebook.com\/events\/941354087869570\" target=\"_blank\" rel=\"noreferrer noopener\">+ info<\/a><\/p>\n<\/div><\/div><div role=\"img\" aria-label=\"\" class=\"event__image event__image--save\" style=\"background-image:url(https:\/\/www.facebook.com\/events\/446457068498969);background-size:cover\"><\/div><\/div>\n\n\n\n<div style=\"height:100px\" aria-hidden=\"true\" class=\"wp-block-spacer\"><\/div>\n\n\n\n<div class=\"wp-block-buttons is-content-justification-center is-layout-flex wp-container-core-buttons-is-layout-a89b3969 wp-block-buttons-is-layout-flex\">\n<div class=\"wp-block-button\"><a class=\"wp-block-button__link wp-element-button\" href=\"https:\/\/calendar.google.com\/calendar\/embed?height=600&amp;wkst=1&amp;ctz=Europe%2FLisbon&amp;bgcolor=%23F6BF26&amp;showCalendars=0&amp;showPrint=0&amp;showTitle=0&amp;showTz=0&amp;showTabs=0&amp;src=ZXVyb3BlaWFzLmFnZW5kYUBnbWFpbC5jb20&amp;color=%23F09300\" target=\"_blank\" rel=\"noreferrer noopener\">CALEND\u00c1RIO de dan\u00e7as tradicionais europeias em portugal<\/a><\/div>\n<\/div>\n\n\n\n<figure class=\"wp-block-gallery alignfull has-nested-images columns-4 is-cropped has-no-gaps wp-block-gallery-1 is-layout-flex wp-block-gallery-is-layout-flex\">\n<figure class=\"wp-block-image size-large\"><img fetchpriority=\"high\" decoding=\"async\" width=\"1280\" height=\"855\" data-id=\"1071\" src=\"https:\/\/www.tradballs.pt\/wp-content\/uploads\/2024\/02\/314410982_2112387158947288_5965539355259064543_n-1280x855.jpg\" alt=\"\" class=\"wp-image-1071\" srcset=\"https:\/\/www.tradballs.pt\/wp-content\/uploads\/2024\/02\/314410982_2112387158947288_5965539355259064543_n-1280x855.jpg 1280w, https:\/\/www.tradballs.pt\/wp-content\/uploads\/2024\/02\/314410982_2112387158947288_5965539355259064543_n-640x427.jpg 640w, https:\/\/www.tradballs.pt\/wp-content\/uploads\/2024\/02\/314410982_2112387158947288_5965539355259064543_n-480x321.jpg 480w, https:\/\/www.tradballs.pt\/wp-content\/uploads\/2024\/02\/314410982_2112387158947288_5965539355259064543_n-768x513.jpg 768w, https:\/\/www.tradballs.pt\/wp-content\/uploads\/2024\/02\/314410982_2112387158947288_5965539355259064543_n-1536x1026.jpg 1536w, https:\/\/www.tradballs.pt\/wp-content\/uploads\/2024\/02\/314410982_2112387158947288_5965539355259064543_n.jpg 1920w\" sizes=\"(max-width: 1280px) 100vw, 1280px\" \/><\/figure>\n\n\n\n<figure class=\"wp-block-image size-large\"><img decoding=\"async\" width=\"1280\" height=\"855\" data-id=\"1070\" src=\"https:\/\/www.tradballs.pt\/wp-content\/uploads\/2024\/02\/314412256_2112386995613971_5575436162722255312_n-1280x855.jpg\" alt=\"\" class=\"wp-image-1070\" srcset=\"https:\/\/www.tradballs.pt\/wp-content\/uploads\/2024\/02\/314412256_2112386995613971_5575436162722255312_n-1280x855.jpg 1280w, https:\/\/www.tradballs.pt\/wp-content\/uploads\/2024\/02\/314412256_2112386995613971_5575436162722255312_n-640x427.jpg 640w, https:\/\/www.tradballs.pt\/wp-content\/uploads\/2024\/02\/314412256_2112386995613971_5575436162722255312_n-480x321.jpg 480w, https:\/\/www.tradballs.pt\/wp-content\/uploads\/2024\/02\/314412256_2112386995613971_5575436162722255312_n-768x513.jpg 768w, https:\/\/www.tradballs.pt\/wp-content\/uploads\/2024\/02\/314412256_2112386995613971_5575436162722255312_n-1536x1026.jpg 1536w, https:\/\/www.tradballs.pt\/wp-content\/uploads\/2024\/02\/314412256_2112386995613971_5575436162722255312_n.jpg 1920w\" sizes=\"(max-width: 1280px) 100vw, 1280px\" \/><\/figure>\n\n\n\n<figure class=\"wp-block-image size-large\"><img decoding=\"async\" width=\"1280\" height=\"855\" data-id=\"1069\" src=\"https:\/\/www.tradballs.pt\/wp-content\/uploads\/2024\/02\/312565188_2112894665563204_7549621607156750181_n-1280x855.jpg\" alt=\"\" class=\"wp-image-1069\" srcset=\"https:\/\/www.tradballs.pt\/wp-content\/uploads\/2024\/02\/312565188_2112894665563204_7549621607156750181_n-1280x855.jpg 1280w, https:\/\/www.tradballs.pt\/wp-content\/uploads\/2024\/02\/312565188_2112894665563204_7549621607156750181_n-640x427.jpg 640w, https:\/\/www.tradballs.pt\/wp-content\/uploads\/2024\/02\/312565188_2112894665563204_7549621607156750181_n-480x321.jpg 480w, https:\/\/www.tradballs.pt\/wp-content\/uploads\/2024\/02\/312565188_2112894665563204_7549621607156750181_n-768x513.jpg 768w, https:\/\/www.tradballs.pt\/wp-content\/uploads\/2024\/02\/312565188_2112894665563204_7549621607156750181_n-1536x1026.jpg 1536w, https:\/\/www.tradballs.pt\/wp-content\/uploads\/2024\/02\/312565188_2112894665563204_7549621607156750181_n.jpg 1920w\" sizes=\"(max-width: 1280px) 100vw, 1280px\" \/><\/figure>\n<\/figure>\n\n\n\n<p><\/p>\n","protected":false},"excerpt":{"rendered":"<div class=\"entry-summary\">\nDATAS PASSADAS\n<\/div>\n<div class=\"link-more-container\"><a href=\"https:\/\/www.tradballs.pt\/pt\/agenda\/\" class=\"link-more\" aria-label=\"Continue reading AGENDA TRADBALLS\">Continue reading&hellip;<\/a><\/div>\n","protected":false},"author":1,"featured_media":0,"parent":0,"menu_order":3,"comment_status":"closed","ping_status":"closed","template":"","meta":{"_coblocks_attr":"","_coblocks_dimensions":"{\"coblocks-hero-86205333537\":{\"padding\":{}}}","_coblocks_responsive_height":"","_coblocks_accordion_ie_support":"","footnotes":""},"class_list":["post-1197","page","type-page","status-publish","hentry","entry","entry-type-page"],"_links":{"self":[{"href":"https:\/\/www.tradballs.pt\/pt\/wp-json\/wp\/v2\/pages\/1197","targetHints":{"allow":["GET"]}}],"collection":[{"href":"https:\/\/www.tradballs.pt\/pt\/wp-json\/wp\/v2\/pages"}],"about":[{"href":"https:\/\/www.tradballs.pt\/pt\/wp-json\/wp\/v2\/types\/page"}],"author":[{"embeddable":true,"href":"https:\/\/www.tradballs.pt\/pt\/wp-json\/wp\/v2\/users\/1"}],"replies":[{"embeddable":true,"href":"https:\/\/www.tradballs.pt\/pt\/wp-json\/wp\/v2\/comments?post=1197"}],"version-history":[{"count":162,"href":"https:\/\/www.tradballs.pt\/pt\/wp-json\/wp\/v2\/pages\/1197\/revisions"}],"predecessor-version":[{"id":2975,"href":"https:\/\/www.tradballs.pt\/pt\/wp-json\/wp\/v2\/pages\/1197\/revisions\/2975"}],"wp:attachment":[{"href":"https:\/\/www.tradballs.pt\/pt\/wp-json\/wp\/v2\/media?parent=1197"}],"curies":[{"name":"wp","href":"https:\/\/api.w.org\/{rel}","templated":true}]}}